{"id":80,"date":"2012-11-06T15:15:27","date_gmt":"2012-11-06T14:15:27","guid":{"rendered":"http:\/\/www.pedagorisk.net\/enseignants\/?page_id=80"},"modified":"2014-08-11T13:15:02","modified_gmt":"2014-08-11T12:15:02","slug":"les-risques-naturels","status":"publish","type":"page","link":"http:\/\/www.pedagorisk.net\/enseignants\/lycee\/les-risques-naturels\/","title":{"rendered":"Les risques naturels"},"content":{"rendered":"<p>&nbsp;<\/p>\n<p>&nbsp;<\/p>\n<p><a href=\"http:\/\/www.mementodumaire.net\/les-risques-naturels\/\" target=\"_blank\"><img loading=\"lazy\" class=\"alignleft size-full wp-image-548\" title=\"memento\" alt=\"\" src=\"http:\/\/www.pedagorisk.net\/enseignants\/wp-content\/uploads\/2012\/11\/memento5.jpg\" width=\"150\" height=\"101\" \/><\/a><a href=\"http:\/\/www.mementodumaire.net\/les-risques-naturels\/\" target=\"_blank\">Le m\u00e9mento du maire<\/a> et des \u00e9lus locaux est constitu\u00e9 de fiches qui d\u00e9crivent la nature de chaque risque, les risques qu&rsquo;il peut engendrer et la r\u00e9glementation qui s&rsquo;y rapporte.<\/p>\n<p>&nbsp;<\/p>\n<p>&nbsp;<\/p>\n<p>&nbsp;<\/p>\n<p><a href=\"http:\/\/www.pedagorisk.net\/enseignants\/wp-content\/uploads\/2012\/11\/risques_majeurs_guide_prim1.jpg\"><img loading=\"lazy\" class=\"alignleft size-full wp-image-550\" title=\"risques_majeurs_guide_prim\" alt=\"\" src=\"http:\/\/www.pedagorisk.net\/enseignants\/wp-content\/uploads\/2012\/11\/risques_majeurs_guide_prim1.jpg\" width=\"150\" height=\"100\" \/><\/a>Le site <a href=\"http:\/\/www.prim.net\/#\" target=\"_blank\">prim.net<\/a> constitue le portail de la pr\u00e9vention des risques majeurs. Il propose des dossiers complets pour chaque al\u00e9a, pour les particuliers comme pour les professionnels.<\/p>\n<p>&nbsp;<\/p>\n<p>&nbsp;<\/p>\n<ul>\n<li><a href=\"http:\/\/www.risquesmajeurs.fr\/definition-generale-du-risque-majeur\" target=\"_blank\">D\u00e9finition g\u00e9n\u00e9rale du risque majeur<\/a><\/li>\n<li>Le risque <a href=\"http:\/\/www.risquesmajeurs.fr\/le-risque-volcanique\" target=\"_blank\">volcanique<\/a><\/li>\n<li>Le risque <a href=\"http:\/\/www.risquesmajeurs.fr\/le-risque-sismique\" target=\"_blank\">sismique<\/a><\/li>\n<li>Le risque <a href=\"http:\/\/www.risquesmajeurs.fr\/category\/grandes-cat%C3%A9gories\/le-risque-cyclonique\" target=\"_blank\">cyclonique<\/a><\/li>\n<li>Le risque <a href=\"http:\/\/www.risquesmajeurs.fr\/category\/grandes-cat%C3%A9gories\/le-risque-temp%C3%AAte\" target=\"_blank\">temp\u00eate<\/a><\/li>\n<li>Le risque <a href=\"http:\/\/www.risquesmajeurs.fr\/le-risque-inondation\" target=\"_blank\">inondation<\/a><\/li>\n<li>Le risque <a href=\"http:\/\/www.risquesmajeurs.fr\/le-risque-avalanche\" target=\"_blank\">avalanche<\/a><\/li>\n<li>Le risque <a href=\"http:\/\/www.risquesmajeurs.fr\/category\/grandes-cat%C3%A9gories\/le-risque-mouvement-de-terrain\" target=\"_blank\">mouvement de terrain<\/a><\/li>\n<li>Le risque <a href=\"http:\/\/www.risquesmajeurs.fr\/category\/grandes-cat%C3%A9gories\/le-risque-feux-de-for%C3%AAt\" target=\"_blank\">feu de for\u00eat<\/a><\/li>\n<\/ul>\n<p>&nbsp;<\/p>\n<p><a href=\"http:\/\/www.georisques.gouv.fr\/\" target=\"_blank\"><img loading=\"lazy\" class=\"alignleft size-full wp-image-1503\" alt=\"GeoRisques\" src=\"http:\/\/www.pedagorisk.net\/enseignants\/wp-content\/uploads\/2012\/11\/GeoRisques.jpg\" width=\"150\" height=\"115\" \/><\/a>L&rsquo;application <a href=\"http:\/\/www.georisques.gouv.fr\/\" target=\"_blank\">G\u00e9oRisques<\/a> (d\u00e9velopp\u00e9e par le Minist\u00e8re en charge de l&rsquo;Ecologie et le BRGM), met \u00e0 la disposition du public, des documents synth\u00e9tiques sur les risques naturels et technologiques, et permet la consultation de donn\u00e9es cartographiques sur les risques.<\/p>\n<p>&nbsp;<\/p>\n<p>&nbsp;<\/p>\n<p><strong>Espaces expos\u00e9s aux risques majeurs naturels et technologiques. In\u00e9gale vuln\u00e9rabilit\u00e9 des soci\u00e9t\u00e9s<\/strong> (consulter l&rsquo;onglet <a title=\"Ma commune face aux risques\" href=\"http:\/\/www.pedagorisk.net\/enseignants\/?p=19\" target=\"_blank\">\u00ab\u00a0Ma commune face aux risques\u00a0\u00bb<\/a>).<\/p>\n<p>&nbsp;<\/p>\n<p>&nbsp;<\/p>\n<p><a href=\"http:\/\/www.educasources.education.fr\/selection-detail-148371.html\" target=\"_blank\"><img loading=\"lazy\" class=\"alignleft size-full wp-image-552\" title=\"educasources_risques_majeurs_clim\" alt=\"\" src=\"http:\/\/www.pedagorisk.net\/enseignants\/wp-content\/uploads\/2012\/11\/educasources_risques_majeurs_clim.jpg\" width=\"150\" height=\"101\" \/><\/a><a href=\"http:\/\/www.educasources.education.fr\/selection-detail-148371.html\">Risques majeurs climatiques dans les r\u00e9gions intertropicales <\/a>: \u00c9ducasources est la base nationale des ressources num\u00e9riques en ligne s\u00e9lectionn\u00e9es par des experts et des documentalistes du r\u00e9seau SC\u00c9R\u00c9N [CNDP- CRDP]. Cette s\u00e9lection propose des sites sur les ph\u00e9nom\u00e8nes climatiques des tropiques, de leurs cons\u00e9quences sur les populations.<\/p>\n<p>&nbsp;<\/p>\n<p>&nbsp;<\/p>\n<p>&nbsp;<\/p>\n<p><a href=\"http:\/\/www.wmo.int\/pages\/mediacentre\/factsheet\/tropicalcyclones_fr.html\" target=\"_blank\"><img loading=\"lazy\" class=\"alignleft size-full wp-image-897\" alt=\"cyclones_tropicaux\" src=\"http:\/\/www.pedagorisk.net\/enseignants\/wp-content\/uploads\/2012\/11\/cyclones_tropicaux.jpg\" width=\"150\" height=\"101\" \/>Les cyclones tropicaux : questions et r\u00e9ponses<\/a>. L&rsquo;organisation mondiale de la m\u00e9t\u00e9orologie\u00a0propose une fiche synth\u00e9tique sur les ph\u00e9nom\u00e8nes climatiques des tropiques.<\/p>\n<p>&nbsp;<\/p>\n<p>&nbsp;<\/p>\n<p>&nbsp;<\/p>\n<p>&nbsp;<\/p>\n<p><a href=\"http:\/\/www.uved.fr\/index.php?id=669\" target=\"_blank\"><img loading=\"lazy\" class=\"alignleft size-full wp-image-553\" title=\"uved_intro_sciences\" alt=\"\" src=\"http:\/\/www.pedagorisk.net\/enseignants\/wp-content\/uploads\/2012\/11\/uved_intro_sciences.jpg\" width=\"150\" height=\"101\" \/><\/a><a href=\"http:\/\/www.uved.fr\/index.php?id=669\" target=\"_blank\">L&rsquo;UVED (Universit\u00e9 Virtuelle Environnement et D\u00e9veloppement durable)<\/a>, cr\u00e9\u00e9e en juin 2005,\u00a0 est l\u2019une des sept Universit\u00e9s Num\u00e9riques Th\u00e9matiques (UNT) soutenues par le Minist\u00e8re de l\u2019Enseignement sup\u00e9rieur et de la Recherche. Elles ont pour mission, dans le cadre d\u2019une mutualisation \u00e0 l&rsquo;\u00e9chelle nationale, de valoriser, produire, diffuser, et rendre largement accessibles \u00e0 des \u00e9tudiants et \u00e0 des enseignants des ressources p\u00e9dagogiques num\u00e9riques valid\u00e9es valid\u00e9es scientifiquement.<\/p>\n<p>&nbsp;<\/p>\n<p>&nbsp;<\/p>\n<p><a href=\"http:\/\/www.lave-volcans.com\/intro.html\" target=\"_blank\"><img loading=\"lazy\" class=\"alignleft size-full wp-image-1186\" alt=\"lave_volcans\" src=\"http:\/\/www.pedagorisk.net\/enseignants\/wp-content\/uploads\/2012\/11\/lave_volcans1.jpg\" width=\"150\" height=\"101\" \/>L&rsquo;Association Volcanique Europ\u00e9enne (LAVE) <\/a>est une association \u00e0 caract\u00e8re scientifique qui a la volont\u00e9 de favoriser les \u00e9changes scientifiques dans le domaine des sciences de la Terre, et de contribuer \u00e0 la valorisation de la recherche volcanologique. Pour cela, elle r\u00e9alise des actions d&rsquo;informations \u00e0 l&rsquo;adresse du grand public.<\/p>\n<p>&nbsp;<\/p>\n<p>&nbsp;<\/p>\n<p>&nbsp;<\/p>\n<p><a href=\"http:\/\/www.edusismo.org\/\" target=\"_blank\"><img loading=\"lazy\" class=\"alignleft size-full wp-image-555\" title=\"edusismo\" alt=\"\" src=\"http:\/\/www.pedagorisk.net\/enseignants\/wp-content\/uploads\/2012\/11\/edusismo.jpg\" width=\"150\" height=\"99\" \/><\/a>Le programme \u201c<a href=\"http:\/\/www.edusismo.org\/\" target=\"_blank\">SISMOS \u00e0 l\u2019Ecole<\/a>\u201d est men\u00e9 en collaboration avec divers partenaires : fondations pour la promotion de la culture scientifique, universitaires de recherche en sciences de la Terre. Il repose sur un r\u00e9seau permanent d&rsquo;observation sismologique implant\u00e9 dans des coll\u00e8ges et lyc\u00e9es de m\u00e9tropole, des DOM, dans les \u00e9tablissements fran\u00e7ais \u00e0 l&rsquo;\u00e9tranger ainsi que dans quelques \u00e9tablissements \u00e9trangers. Il propose des ressources multim\u00e9dia, des fiches d&rsquo;activit\u00e9, de la documentation scientifique, des logiciels \u00e9ducatifs ainsi que de nombreux exemples d\u2019activit\u00e9s \u00e9ducatives et p\u00e9dagogiques.<\/p>\n<p>&nbsp;<\/p>\n<p>&nbsp;<\/p>\n<p>\u00ab\u00a0<a href=\"http:\/\/www.edusismoprovence.ac-aix-marseille.fr\/#\" target=\"_blank\">Edusismo-Provence<\/a><a href=\"http:\/\/www.pedagorisk.net\/enseignants\/wp-content\/uploads\/2012\/11\/edusismo_provence.jpg\"><img loading=\"lazy\" class=\"alignleft size-full wp-image-556\" title=\"edusismo_provence\" alt=\"\" src=\"http:\/\/www.pedagorisk.net\/enseignants\/wp-content\/uploads\/2012\/11\/edusismo_provence.jpg\" width=\"150\" height=\"100\" \/><\/a>\u00a0\u00bb propose des ressources et activit\u00e9s p\u00e9dagogiques.<\/p>\n<p>&nbsp;<\/p>\n<p>&nbsp;<\/p>\n<p>&nbsp;<\/p>\n<p>&nbsp;<\/p>\n<p>&nbsp;<\/p>\n<p><strong>En Rh\u00f4ne-Alpes<\/strong><\/p>\n<p>&nbsp;<\/p>\n<p><a href=\"http:\/\/www.irma-grenoble.com\/04risques_rhone_alpes\/01atlas_region_index.php\" target=\"_blank\"><img loading=\"lazy\" class=\"alignleft size-full wp-image-557\" title=\"irma_atlas\" alt=\"\" src=\"http:\/\/www.pedagorisk.net\/enseignants\/wp-content\/uploads\/2012\/11\/irma_atlas2.jpg\" width=\"150\" height=\"101\" \/><\/a>L&rsquo;IRMa r\u00e9alise une <a href=\"http:\/\/www.irma-grenoble.com\/04risques_rhone_alpes\/01atlas_region_index.php\" target=\"_blank\">cartographie r\u00e9gionale<\/a> des risques naturels en Rh\u00f4ne-Alpes : zonage sismique, nombre de risques naturels par commune, atlas des zones inondables, etc.<\/p>\n<p>&nbsp;<\/p>\n<p>&nbsp;<\/p>\n<p>&nbsp;<\/p>\n<p><a href=\"http:\/\/www.irma-grenoble.com\/05documentation\/01publications_risquesinfos_sommaire.php?id_risquesinfos=27\" target=\"_blank\"><img loading=\"lazy\" class=\"alignleft size-full wp-image-558\" title=\"irma_publications\" alt=\"\" src=\"http:\/\/www.pedagorisk.net\/enseignants\/wp-content\/uploads\/2012\/11\/irma_publications.jpg\" width=\"150\" height=\"100\" \/><\/a>Dossier sp\u00e9cial de la Revue \u00ab\u00a0<a href=\"http:\/\/www.irma-grenoble.com\/05documentation\/01publications_risquesinfos_sommaire.php?id_risquesinfos=27\" target=\"_blank\">Risques Infos<\/a>\u00a0\u00bb \u00e9dit\u00e9e par l&rsquo;IRMa : \u00ab\u00a0Risques sismiques : quelles \u00e9volutions ?\u00a0\u00bb<\/p>\n<p>&nbsp;<\/p>\n<p>&nbsp;<\/p>\n<p>&nbsp;<\/p>\n<p>&nbsp;<\/p>\n<p><a href=\"http:\/\/www.pedagorisk.net\/enseignants\/wp-content\/uploads\/2012\/11\/irma_dossier_them_sism_ra1.jpg\"><img loading=\"lazy\" class=\"alignleft size-full wp-image-559\" title=\"irma_dossier_them_sism_ra\" alt=\"\" src=\"http:\/\/www.pedagorisk.net\/enseignants\/wp-content\/uploads\/2012\/11\/irma_dossier_them_sism_ra1.jpg\" width=\"150\" height=\"100\" \/><\/a><a href=\"http:\/\/www.irma-grenoble.com\/05documentation\/04dossiers_numero.php?id_DT=5\" target=\"_blank\">Dossier th\u00e9matique<\/a> r\u00e9alis\u00e9 par l&rsquo;IRMa sur le risque sismique en Rh\u00f4ne-Alpes : \u00ab\u00a0La terre tremble ! Et Rh\u00f4ne-Alpes dans tout \u00e7a !\u00a0\u00bb<\/p>\n<p>&nbsp;<\/p>\n<p>&nbsp;<\/p>\n<p>&nbsp;<\/p>\n<p><a href=\"http:\/\/sismalp.obs.ujf-grenoble.fr\/sismalp.html\" target=\"_blank\"><img loading=\"lazy\" class=\"alignleft size-full wp-image-1240\" alt=\"sismalp\" src=\"http:\/\/www.pedagorisk.net\/enseignants\/wp-content\/uploads\/2012\/11\/sismalp2.jpg\" width=\"150\" height=\"102\" \/>Sismalp, le r\u00e9seau sismologique des Alpes<\/a>, recense les sismogrammes enregistr\u00e9s par le r\u00e9seau d&rsquo;alerte de l&rsquo;Institut des Sciences de la Terre (ISTerre) de Grenoble, et donne acc\u00e8s \u00e0 des informations sur la sismicit\u00e9 du Sud-Est, des bibliographies et des documents p\u00e9dagogiques sur les s\u00e9ismes.<\/p>\n<p>&nbsp;<\/p>\n<p>&nbsp;<\/p>\n<p>&nbsp;<\/p>\n<p><strong>Cyclones et temp\u00eates<\/strong><\/p>\n<p>&nbsp;<\/p>\n<p><a href=\"http:\/\/comprendre.meteofrance.com\/jsp\/site\/Portal.jsp?05Edocument_id=4582&amp;portlet_id=4026&amp;page_id=13752\" target=\"_blank\">M\u00e9t\u00e9o France<\/a><a href=\"http:\/\/comprendre.meteofrance.com\/jsp\/site\/Portal.jsp?05Edocument_id=4582&amp;portlet_id=4026&amp;page_id=13752\" target=\"_blank\"><img loading=\"lazy\" class=\"alignleft  wp-image-560\" title=\"cyclone_meteofrance\" alt=\"\" src=\"http:\/\/www.pedagorisk.net\/enseignants\/wp-content\/uploads\/2012\/11\/cyclone_meteofrance.jpg\" width=\"150\" height=\"101\" \/><\/a> explique les cyclones et r\u00e9alise un retour sur des cyclones historiques.<\/p>\n<p>&nbsp;<\/p>\n<p>&nbsp;<\/p>\n<p>&nbsp;<\/p>\n<p>&nbsp;<\/p>\n<p><a href=\"http:\/\/inventaire-forestier.ign.fr\/spip\/spip.php?rubrique23\" target=\"_blank\"><img loading=\"lazy\" class=\"alignleft size-full wp-image-938\" alt=\"ign_klauss\" src=\"http:\/\/www.pedagorisk.net\/enseignants\/wp-content\/uploads\/2012\/11\/ign_klauss.jpg\" width=\"150\" height=\"102\" \/><\/a><strong>La temp\u00eate <a href=\"http:\/\/inventaire-forestier.ign.fr\/spip\/spip.php?rubrique23\" target=\"_blank\">Klaus<\/a><\/strong> du 24 janvier 2009 et les temp\u00eates de <a href=\"http:\/\/inventaire-forestier.ign.fr\/spip\/spip.php?article233\" target=\"_blank\">d\u00e9cembre 1999<\/a> sur le site de l&rsquo;IGN (Institut national de l&rsquo;information g\u00e9ographique et foresti\u00e8re).<\/p>\n<p>&nbsp;<\/p>\n<p>&nbsp;<\/p>\n<p>&nbsp;<\/p>\n<p><a href=\"http:\/\/aquitaine.fr\/politiques-regionales\/developpement-durable\/tempete-2009-bilan-et-programmes.html\" target=\"_blank\"><img loading=\"lazy\" class=\"alignleft size-full wp-image-1228\" alt=\"region_aquitaine_klaus\" src=\"http:\/\/www.pedagorisk.net\/enseignants\/wp-content\/uploads\/2012\/11\/region_aquitaine_klaus.jpg\" width=\"150\" height=\"101\" \/><\/a>Temp\u00eate Klaus du 24 janvier 2009 : le <a href=\"http:\/\/aquitaine.fr\/politiques-regionales\/developpement-durable\/tempete-2009-bilan-et-programmes.html\" target=\"_blank\">Conseil r\u00e9gional d&rsquo;Aquitaine<\/a> pr\u00e9sente les premi\u00e8res mesures d&rsquo;urgence et le \u00ab\u00a0Plan temp\u00eate mis en place de 2009 \u00e0 2011\u00a0\u00bb.<\/p>\n<p>&nbsp;<\/p>\n<p>&nbsp;<\/p>\n<p>&nbsp;<\/p>\n<p>&nbsp;<\/p>\n<p><strong>Risques naturels et DOM-TOM<\/strong><\/p>\n<p>&nbsp;<\/p>\n<p><a href=\"http:\/\/www.risquesnaturels.re\/\" target=\"_blank\"><img loading=\"lazy\" class=\"alignleft size-full wp-image-567\" title=\"risquesnaturels_reunion\" alt=\"\" src=\"http:\/\/www.pedagorisk.net\/enseignants\/wp-content\/uploads\/2012\/11\/risquesnaturels_reunion1.jpg\" width=\"150\" height=\"100\" \/><\/a>\u00ab\u00a0<a href=\"http:\/\/www.risquesnaturels.re\/\" target=\"_blank\">Les risques naturels \u00e0 La R\u00e9union<\/a>\u00a0\u00bb est un site d\u00e9velopp\u00e9 par les services de l\u2019\u00c9tat riche d&rsquo;information, cr\u00e9\u00e9 pour permettre \u00e0 la population de l&rsquo;\u00cele d&rsquo;\u00eatre davantage sensibilis\u00e9e sur les risques naturels qui les concernent. Une section ludique est r\u00e9serv\u00e9e aux enfants.<\/p>\n<p>&nbsp;<\/p>\n<p>&nbsp;<\/p>\n<p><a href=\"http:\/\/www.reunion.pref.gouv.fr\/spip.php?rubrique82\" target=\"_blank\"><img loading=\"lazy\" class=\"alignleft size-full wp-image-569\" title=\"risques_prev_reunion\" alt=\"\" src=\"http:\/\/www.pedagorisk.net\/enseignants\/wp-content\/uploads\/2012\/11\/risques_prev_reunion.jpg\" width=\"150\" height=\"102\" \/><\/a><a href=\"http:\/\/www.reunion.pref.gouv.fr\/spip.php?rubrique82\" target=\"_blank\">La pr\u00e9fecture de La R\u00e9union<\/a> pr\u00e9sente les diff\u00e9rents risques \u00e0 travers le DDRM (Document D\u00e9partement des Risques Majeurs), ainsi que les diff\u00e9rentes actions de pr\u00e9vention.<\/p>\n<p>&nbsp;<\/p>\n<p>&nbsp;<\/p>\n<p>&nbsp;<\/p>\n<p><a href=\"http:\/\/www2.brgm.fr\/risques\/antilles\/guad\/sitemap.htm\" target=\"_blank\"><img loading=\"lazy\" class=\"alignleft size-full wp-image-939\" alt=\"risque_naturels_guadeloupe_brgm\" src=\"http:\/\/www.pedagorisk.net\/enseignants\/wp-content\/uploads\/2012\/11\/risque_naturels_guadeloupe_brgm.jpg\" width=\"150\" height=\"100\" \/><\/a>Le BRGM (Bureau de Recherches G\u00e9ologiques et Mini\u00e8res) pr\u00e9sente les diff\u00e9rents risques existant en <a href=\"http:\/\/www2.brgm.fr\/risques\/antilles\/guad\/sitemap.htm\" target=\"_blank\">Guadeloupe.<\/a><\/p>\n<p>&nbsp;<\/p>\n<p>&nbsp;<\/p>\n<p>&nbsp;<\/p>\n<p>&nbsp;<\/p>\n<p><a href=\"http:\/\/divisions.ac-martinique.fr\/darim\/risques.htm\" target=\"_blank\"><img loading=\"lazy\" class=\"alignleft size-full wp-image-566\" title=\"risques_majeurs_martinique\" alt=\"\" src=\"http:\/\/www.pedagorisk.net\/enseignants\/wp-content\/uploads\/2012\/11\/risques_majeurs_martinique1.jpg\" width=\"150\" height=\"100\" \/><\/a>La d\u00e9l\u00e9gation acad\u00e9mique aux risques majeurs &#8211; Rectorat de l&rsquo;Acad\u00e9mie de <a href=\"http:\/\/divisions.ac-martinique.fr\/darim\/risques.htm\" target=\"_blank\">la Martinique<\/a> &#8211; informe les \u00e9l\u00e8ves, les parents et les personnels des actions men\u00e9es sur les risques majeurs dans l&rsquo;Acad\u00e9mie. Vous y trouverez des informations sur la connaissance et la pr\u00e9vention des risques, sur les conduites \u00e0 tenir en cas de catastrophe ou d&rsquo;accident majeur.<\/p>\n<p>&nbsp;<\/p>\n<p>&nbsp;<\/p>\n<p><strong>Risque et soci\u00e9t\u00e9<\/strong><\/p>\n<p>&nbsp;<\/p>\n<p><a href=\"http:\/\/geoconfluences.ens-lyon.fr\/doc\/transv\/Risque\/Risque.htm\" target=\"_blank\"><img loading=\"lazy\" class=\"alignleft size-full wp-image-575\" title=\"geoconfluence_risque_societe\" alt=\"\" src=\"http:\/\/www.pedagorisk.net\/enseignants\/wp-content\/uploads\/2012\/11\/geoconfluence_risque_societe.jpg\" width=\"150\" height=\"101\" \/><\/a><a href=\"http:\/\/geoconfluences.ens-lyon.fr\/doc\/transv\/Risque\/Risque.htm\" target=\"_blank\">G\u00e9oconfluences<\/a> est un site d\u00e9di\u00e9 \u00e0 la communaut\u00e9 enseignante pour la formation en g\u00e9ographie : dossiers scientifiques, s\u00e9lection de ressources documentaires, m\u00e9thodologie et activit\u00e9s \u00e9ducatives, Un dossier th\u00e9matique sp\u00e9cifique traite du \u00ab\u00a0Risque et soci\u00e9t\u00e9\u00a0\u00bb : ressources documentaires, m\u00e9thodologie et activit\u00e9s \u00e9ducatives.<\/p>\n<p>&nbsp;<\/p>\n","protected":false},"excerpt":{"rendered":"<p>&nbsp; &nbsp; Le m\u00e9mento du maire et des \u00e9lus locaux est constitu\u00e9 de fiches qui d\u00e9crivent la nature de chaque risque, les risques qu&rsquo;il peut engendrer et la r\u00e9glementation qui s&rsquo;y rapporte. &nbsp; &nbsp; &nbsp; Le site prim.net constitue le portail de la pr\u00e9vention des risques majeurs. Il propose des \u2026 <a href=\"http:\/\/www.pedagorisk.net\/enseignants\/lycee\/les-risques-naturels\/\"> Continue reading <span class=\"meta-nav\">&rarr; <\/span><\/a><\/p>\n","protected":false},"author":1,"featured_media":0,"parent":51,"menu_order":1,"comment_status":"closed","ping_status":"closed","template":"","meta":[],"_links":{"self":[{"href":"http:\/\/www.pedagorisk.net\/enseignants\/wp-json\/wp\/v2\/pages\/80"}],"collection":[{"href":"http:\/\/www.pedagorisk.net\/enseignants\/wp-json\/wp\/v2\/pages"}],"about":[{"href":"http:\/\/www.pedagorisk.net\/enseignants\/wp-json\/wp\/v2\/types\/page"}],"author":[{"embeddable":true,"href":"http:\/\/www.pedagorisk.net\/enseignants\/wp-json\/wp\/v2\/users\/1"}],"replies":[{"embeddable":true,"href":"http:\/\/www.pedagorisk.net\/enseignants\/wp-json\/wp\/v2\/comments?post=80"}],"version-history":[{"count":30,"href":"http:\/\/www.pedagorisk.net\/enseignants\/wp-json\/wp\/v2\/pages\/80\/revisions"}],"predecessor-version":[{"id":549,"href":"http:\/\/www.pedagorisk.net\/enseignants\/wp-json\/wp\/v2\/pages\/80\/revisions\/549"}],"up":[{"embeddable":true,"href":"http:\/\/www.pedagorisk.net\/enseignants\/wp-json\/wp\/v2\/pages\/51"}],"wp:attachment":[{"href":"http:\/\/www.pedagorisk.net\/enseignants\/wp-json\/wp\/v2\/media?parent=80"}],"curies":[{"name":"wp","href":"https:\/\/api.w.org\/{rel}","templated":true}]}}