{"id":73,"date":"2012-11-06T15:14:40","date_gmt":"2012-11-06T14:14:40","guid":{"rendered":"http:\/\/www.pedagorisk.net\/enseignants\/?page_id=73"},"modified":"2014-08-11T13:18:47","modified_gmt":"2014-08-11T12:18:47","slug":"les-risques-naturels","status":"publish","type":"page","link":"http:\/\/www.pedagorisk.net\/enseignants\/college\/les-risques-naturels\/","title":{"rendered":"Les risques naturels"},"content":{"rendered":"<p>&nbsp;<\/p>\n<p>&nbsp;<\/p>\n<p><strong>Dossier d&rsquo;information \u00ab\u00a0Les risques majeurs\u00a0\u00bb sur le site prim.net<\/strong><\/p>\n<p><a href=\"http:\/\/www.prim.net\/#\" target=\"_blank\">Prim.net<\/a> constitue le portail de la pr\u00e9vention des risques majeurs du minist\u00e8re en charge du d\u00e9veloppement durable. Il propose des dossiers complets pour chaque al\u00e9a, pour un large public, des pages d&rsquo;actualit\u00e9, des informations sur la r\u00e9glementation, etc.<\/p>\n<p>&nbsp;<\/p>\n<p><strong><a href=\"http:\/\/www.risquesmajeurs.fr\/definition-generale-du-risque-majeur\" target=\"_blank\">* D\u00e9finition g\u00e9n\u00e9rale du risque majeur *<\/a><\/strong><\/p>\n<p>&nbsp;<\/p>\n<p><a href=\"http:\/\/www.georisques.gouv.fr\/\" target=\"_blank\"><img loading=\"lazy\" class=\"alignleft size-full wp-image-1503\" alt=\"GeoRisques\" src=\"http:\/\/www.pedagorisk.net\/enseignants\/wp-content\/uploads\/2012\/11\/GeoRisques.jpg\" width=\"150\" height=\"115\" \/><\/a>L\u2019application <a href=\"http:\/\/www.georisques.gouv.fr\/\" target=\"_blank\">G\u00e9oRisques<\/a> (d\u00e9velopp\u00e9e par le Minist\u00e8re en charge de l\u2019Ecologie et le BRGM), met \u00e0 la disposition du public, des documents synth\u00e9tiques sur les risques naturels et technologiques, et permet la consultation de donn\u00e9es cartographiques sur les risques.<\/p>\n<p>&nbsp;<\/p>\n<p>&nbsp;<\/p>\n<p><span style=\"text-decoration: underline;\"><a href=\"http:\/\/www.risquesmajeurs.fr\/le-risque-inondation\" target=\"_blank\"><img loading=\"lazy\" class=\"alignleft  wp-image-312\" title=\"risque_inondation_prim\" alt=\"\" src=\"http:\/\/www.pedagorisk.net\/enseignants\/wp-content\/uploads\/2012\/11\/risque_inondation_prim.jpg\" width=\"147\" height=\"98\" srcset=\"http:\/\/www.pedagorisk.net\/enseignants\/wp-content\/uploads\/2012\/11\/risque_inondation_prim.jpg 425w, http:\/\/www.pedagorisk.net\/enseignants\/wp-content\/uploads\/2012\/11\/risque_inondation_prim-300x200.jpg 300w, http:\/\/www.pedagorisk.net\/enseignants\/wp-content\/uploads\/2012\/11\/risque_inondation_prim-224x150.jpg 224w\" sizes=\"(max-width: 147px) 100vw, 147px\" \/><\/a><br \/>\n<a href=\"http:\/\/www.risquesmajeurs.fr\/le-risque-inondation\" target=\"_blank\"><br \/>\n<\/a><\/span><a href=\"http:\/\/www.risquesmajeurs.fr\/le-risque-inondation\" target=\"_blank\">Risque inondation<\/a><\/p>\n<p>&nbsp;<\/p>\n<p>&nbsp;<\/p>\n<p>&nbsp;<\/p>\n<p><span style=\"text-decoration: underline;\"><a href=\"http:\/\/www.risquesmajeurs.fr\/le-risque-avalanche\" target=\"_blank\"><img loading=\"lazy\" class=\"alignleft  wp-image-313\" title=\"risque_aval_prim\" alt=\"\" src=\"http:\/\/www.pedagorisk.net\/enseignants\/wp-content\/uploads\/2012\/11\/risque_aval_prim.jpg\" width=\"146\" height=\"98\" srcset=\"http:\/\/www.pedagorisk.net\/enseignants\/wp-content\/uploads\/2012\/11\/risque_aval_prim.jpg 425w, http:\/\/www.pedagorisk.net\/enseignants\/wp-content\/uploads\/2012\/11\/risque_aval_prim-300x202.jpg 300w, http:\/\/www.pedagorisk.net\/enseignants\/wp-content\/uploads\/2012\/11\/risque_aval_prim-222x150.jpg 222w\" sizes=\"(max-width: 146px) 100vw, 146px\" \/><\/a><br \/>\n<a href=\"http:\/\/www.risquesmajeurs.fr\/le-risque-avalanche\" target=\"_blank\"><br \/>\n<\/a><\/span><a href=\"http:\/\/www.risquesmajeurs.fr\/le-risque-avalanche\" target=\"_blank\">Risque avalanche<\/a><\/p>\n<p>&nbsp;<\/p>\n<p>&nbsp;<\/p>\n<p>&nbsp;<\/p>\n<p><a href=\"http:\/\/www.risquesmajeurs.fr\/category\/grandes-cat%C3%A9gories\/le-risque-cyclonique\" target=\"_blank\"><img loading=\"lazy\" class=\"alignleft  wp-image-318\" title=\"risque_cycl_prim\" alt=\"\" src=\"http:\/\/www.pedagorisk.net\/enseignants\/wp-content\/uploads\/2012\/11\/risque_cycl_prim.jpg\" width=\"147\" height=\"98\" srcset=\"http:\/\/www.pedagorisk.net\/enseignants\/wp-content\/uploads\/2012\/11\/risque_cycl_prim.jpg 425w, http:\/\/www.pedagorisk.net\/enseignants\/wp-content\/uploads\/2012\/11\/risque_cycl_prim-300x201.jpg 300w, http:\/\/www.pedagorisk.net\/enseignants\/wp-content\/uploads\/2012\/11\/risque_cycl_prim-223x150.jpg 223w\" sizes=\"(max-width: 147px) 100vw, 147px\" \/><\/a><br \/>\n<a href=\"http:\/\/www.risquesmajeurs.fr\/category\/grandes-cat%C3%A9gories\/le-risque-cyclonique\" target=\"_blank\"><br \/>\nRisque cyclonique<\/a><\/p>\n<p>&nbsp;<\/p>\n<p>&nbsp;<\/p>\n<p>&nbsp;<\/p>\n<p>&nbsp;<\/p>\n<p style=\"text-align: left;\" align=\"justify\"><a href=\"http:\/\/www.wmo.int\/pages\/mediacentre\/factsheet\/tropicalcyclones_fr.html\" target=\"_blank\"><img loading=\"lazy\" class=\"alignleft size-full wp-image-897\" alt=\"cyclones_tropicaux\" src=\"http:\/\/www.pedagorisk.net\/enseignants\/wp-content\/uploads\/2012\/11\/cyclones_tropicaux.jpg\" width=\"150\" height=\"101\" \/>Les cyclones tropicaux : questions et r\u00e9ponses<\/a>. L&rsquo;organisation mondiale de la m\u00e9t\u00e9orologie\u00a0propose une fiche synth\u00e9tique sur les ph\u00e9nom\u00e8nes climatiques des tropiques.<\/p>\n<p>&nbsp;<\/p>\n<p>&nbsp;<\/p>\n<p>&nbsp;<\/p>\n<p>&nbsp;<\/p>\n<p><a href=\"http:\/\/www.risquesmajeurs.fr\/category\/grandes-cat%C3%A9gories\/le-risque-mouvement-de-terrain\" target=\"_blank\"><img loading=\"lazy\" class=\"alignleft  wp-image-322\" title=\"risque_mouv_terrain_prim\" alt=\"\" src=\"http:\/\/www.pedagorisk.net\/enseignants\/wp-content\/uploads\/2012\/11\/risque_mouv_terrain_prim.jpg\" width=\"147\" height=\"99\" \/><\/a><br \/>\n<a href=\"http:\/\/www.risquesmajeurs.fr\/category\/grandes-cat%C3%A9gories\/le-risque-mouvement-de-terrain\" target=\"_blank\"><br \/>\nRisque mouvement de terrain<\/a><\/p>\n<p>&nbsp;<\/p>\n<p>&nbsp;<\/p>\n<p>&nbsp;<\/p>\n<p><a href=\"http:\/\/www.risquesmajeurs.fr\/le-risque-sismique\" target=\"_blank\"><img loading=\"lazy\" class=\"alignleft  wp-image-325\" title=\"risque_sismique\" alt=\"\" src=\"http:\/\/www.pedagorisk.net\/enseignants\/wp-content\/uploads\/2012\/11\/risque_sismique.jpg\" width=\"147\" height=\"99\" \/><\/a><br \/>\n<a href=\"http:\/\/www.risquesmajeurs.fr\/le-risque-sismique\" target=\"_blank\"><br \/>\nRisque sismique<\/a><\/p>\n<p>&nbsp;<\/p>\n<p>&nbsp;<\/p>\n<p>&nbsp;<\/p>\n<p><a href=\"http:\/\/www.risquesmajeurs.fr\/category\/grandes-cat%C3%A9gories\/le-risque-temp%C3%AAte\" target=\"_blank\"><img loading=\"lazy\" class=\"alignleft  wp-image-334\" title=\"risque_tempete\" alt=\"\" src=\"http:\/\/www.pedagorisk.net\/enseignants\/wp-content\/uploads\/2012\/11\/risque_tempete.jpg\" width=\"147\" height=\"99\" \/><\/a><br \/>\n<a href=\"http:\/\/www.risquesmajeurs.fr\/category\/grandes-cat%C3%A9gories\/le-risque-temp%C3%AAte\" target=\"_blank\"><br \/>\nRisque temp\u00eate<\/a><\/p>\n<p>&nbsp;<\/p>\n<p>&nbsp;<\/p>\n<p>&nbsp;<\/p>\n<p><a href=\"http:\/\/www.risquesmajeurs.fr\/le-risque-volcanique\" target=\"_blank\"><img loading=\"lazy\" class=\"alignleft  wp-image-510\" title=\"risque_volc_prim\" alt=\"\" src=\"http:\/\/www.pedagorisk.net\/enseignants\/wp-content\/uploads\/2012\/11\/risque_volc_prim.jpg\" width=\"147\" height=\"98\" \/><\/a><\/p>\n<p><a href=\"http:\/\/www.risquesmajeurs.fr\/le-risque-volcanique\" target=\"_blank\"><br \/>\nRisque volcanique<\/a><\/p>\n<p>&nbsp;<\/p>\n<p>&nbsp;<\/p>\n<p>&nbsp;<\/p>\n<p>&nbsp;<\/p>\n<p><a href=\"http:\/\/www.lave-volcans.com\/intro.html\" target=\"_blank\"><img loading=\"lazy\" class=\"alignleft size-full wp-image-1184\" alt=\"lave_volcans\" src=\"http:\/\/www.pedagorisk.net\/enseignants\/wp-content\/uploads\/2012\/11\/lave_volcans.jpg\" width=\"150\" height=\"101\" \/>L&rsquo;Association Volcanique Europ\u00e9enne (LAVE) <\/a>est une association \u00e0 caract\u00e8re scientifique qui a la volont\u00e9 de favoriser les \u00e9changes scientifiques dans le domaine des sciences de la Terre, et de contribuer \u00e0 la valorisation de la recherche volcanologique. Pour cela, elle r\u00e9alise des actions d&rsquo;informations \u00e0 l&rsquo;adresse du grand public.<\/p>\n<p>&nbsp;<\/p>\n<p>&nbsp;<\/p>\n<p>&nbsp;<\/p>\n<p>&nbsp;<\/p>\n<p><a href=\"http:\/\/www.risquesmajeurs.fr\/category\/grandes-cat%C3%A9gories\/le-risque-feux-de-for%C3%AAt\" target=\"_blank\"><img loading=\"lazy\" class=\"alignleft size-full wp-image-512\" title=\"risque_feu_prim\" alt=\"\" src=\"http:\/\/www.pedagorisk.net\/enseignants\/wp-content\/uploads\/2012\/11\/risque_feu_prim1.jpg\" width=\"147\" height=\"96\" \/><\/a><\/p>\n<p><a href=\"http:\/\/www.risquesmajeurs.fr\/category\/grandes-cat%C3%A9gories\/le-risque-feux-de-for%C3%AAt\" target=\"_blank\"><br \/>\nRisque feux de for\u00eat<\/a><\/p>\n<p>&nbsp;<\/p>\n<p>&nbsp;<\/p>\n<p>&nbsp;<\/p>\n<p>&nbsp;<\/p>\n<p><a href=\"http:\/\/www.mementodumaire.net\/les-risques-naturels\/\" target=\"_blank\"><img loading=\"lazy\" class=\"alignleft  wp-image-498\" title=\"memento\" alt=\"\" src=\"http:\/\/www.pedagorisk.net\/enseignants\/wp-content\/uploads\/2012\/11\/memento4.jpg\" width=\"150\" height=\"100\" \/><\/a><a href=\"http:\/\/www.mementodumaire.net\/les-risques-naturels\/\" target=\"_blank\">Le m\u00e9mento du maire<\/a> et des \u00e9lus locaux est constitu\u00e9 de fiches qui d\u00e9crivent la nature de chaque risque, les risques qu&rsquo;il peut engendrer et la r\u00e9glementation qui s&rsquo;y rapporte.<\/p>\n<p>&nbsp;<\/p>\n<p>&nbsp;<\/p>\n<p>&nbsp;<\/p>\n<p><a href=\"http:\/\/www.prevention2000.org\/cat_nat\/index1.htm\"><img loading=\"lazy\" class=\"alignleft  wp-image-505\" title=\"prevention2000\" alt=\"\" src=\"http:\/\/www.pedagorisk.net\/enseignants\/wp-content\/uploads\/2012\/11\/prevention20001.jpg\" width=\"150\" height=\"98\" \/><\/a> <a href=\"http:\/\/www.prevention2000.org\/cat_nat\/index1.htm\" target=\"_blank\">\u00ab\u00a0Pr\u00e9vention 2000 &#8211; Catastrophes naturelles\u00a0\u00bb<\/a> est un portail \u00e9ducatif francophone sur les risques naturels.<\/p>\n<p>&nbsp;<\/p>\n<p>&nbsp;<\/p>\n<p>&nbsp;<\/p>\n<p>&nbsp;<\/p>\n<p><a href=\"http:\/\/www.developpement-durable.gouv.fr\/-Le-risque-sismique,4258-.html\" target=\"_blank\"><img loading=\"lazy\" class=\"alignleft size-full wp-image-501\" title=\"medde_risque_sism\" alt=\"\" src=\"http:\/\/www.pedagorisk.net\/enseignants\/wp-content\/uploads\/2012\/11\/medde_risque_sism.jpg\" width=\"150\" height=\"101\" \/><\/a>Qu&rsquo;est -ce que le risque sismique ? La pr\u00e9vention du risque sismique en France sur le site du minist\u00e8re de l&rsquo;Ecologie, du D\u00e9veloppement durable et de l&rsquo;Energie (<a href=\"http:\/\/www.developpement-durable.gouv.fr\/-Le-risque-sismique,4258-.html\" target=\"_blank\">MEDDE<\/a>).<\/p>\n<p>&nbsp;<\/p>\n<p>&nbsp;<\/p>\n<p>&nbsp;<\/p>\n<p><a href=\"http:\/\/www.pedagorisk.net\/enseignants\/wp-content\/uploads\/2012\/11\/plan_seisme_zonage.jpg\" target=\"_blank\"><img loading=\"lazy\" class=\"alignleft size-full wp-image-502\" title=\"plan_seisme_zonage\" alt=\"\" src=\"http:\/\/www.pedagorisk.net\/enseignants\/wp-content\/uploads\/2012\/11\/plan_seisme_zonage.jpg\" width=\"150\" height=\"101\" \/><\/a><a href=\"http:\/\/www.planseisme.fr\/Zonage-sismique-de-la-France.html\" target=\"_blank\">Le zonage sismique de la France<\/a> sur le site du \u00ab\u00a0Plan s\u00e9isme\u00a0\u00bb, un programme national de pr\u00e9vention du risque sismique. Le site permet de d\u00e9couvrir ou d&rsquo;approfondir ses connaissances sur les s\u00e9ismes et les tsunamis.<\/p>\n<p>&nbsp;<\/p>\n<p>&nbsp;<\/p>\n<p>&nbsp;<\/p>\n<p><a href=\"http:\/\/www.afps-seisme.org\/\" target=\"_blank\"><img loading=\"lazy\" class=\"alignleft size-full wp-image-504\" title=\"afps\" alt=\"\" src=\"http:\/\/www.pedagorisk.net\/enseignants\/wp-content\/uploads\/2012\/11\/afps1.jpg\" width=\"150\" height=\"101\" \/><\/a><a href=\"http:\/\/www.afps-seisme.org\/\" target=\"_blank\">L&rsquo;AFPS (Association fran\u00e7aise du g\u00e9nie parasismique)<\/a> a pour objet l&rsquo;\u00e9tude des tremblements de terre, celle de leurs cons\u00e9quences sur le sol, sur les constructions et sur leur environnement, et la recherche et la promotion de toutes mesures tendant \u00e0 minimiser ces cons\u00e9quences et \u00e0 prot\u00e9ger les vies humaines.<\/p>\n<p>&nbsp;<\/p>\n<p>&nbsp;<\/p>\n<p>&nbsp;<\/p>\n<p><a href=\"http:\/\/www.irma-grenoble.com\/05documentation\/04dossiers_numero.php?id_DT=5\" target=\"_blank\"><img loading=\"lazy\" class=\"alignleft  wp-image-507\" title=\"irma_dossier_them_sism_ra\" alt=\"\" src=\"http:\/\/www.pedagorisk.net\/enseignants\/wp-content\/uploads\/2012\/11\/irma_dossier_them_sism_ra.jpg\" width=\"150\" height=\"100\" \/><\/a><a href=\"http:\/\/www.irma-grenoble.com\/05documentation\/04dossiers_numero.php?id_DT=5\" target=\"_blank\">Dossier th\u00e9matique<\/a> r\u00e9alis\u00e9 par l&rsquo;IRMa sur le risque sismique en <a href=\"http:\/\/www.irma-grenoble.com\/05documentation\/04dossiers_numero.php?id_DT=5\" target=\"_blank\">Rh\u00f4ne-Alpes<\/a> : \u00ab\u00a0La terre tremble ! Et Rh\u00f4ne-Alpes dans tout \u00e7a !\u00a0\u00bb<\/p>\n<p>&nbsp;<\/p>\n<p>&nbsp;<\/p>\n<p>&nbsp;<\/p>\n<p>&nbsp;<\/p>\n<p><a href=\"http:\/\/www.irma-grenoble.com\/04risques_rhone_alpes\/01atlas_region_index.php\" target=\"_blank\"><img loading=\"lazy\" class=\"alignleft size-full wp-image-509\" title=\"irma_atlas\" alt=\"\" src=\"http:\/\/www.pedagorisk.net\/enseignants\/wp-content\/uploads\/2012\/11\/irma_atlas1.jpg\" width=\"150\" height=\"101\" \/><\/a>La cartographie des risques en <a href=\"http:\/\/www.irma-grenoble.com\/04risques_rhone_alpes\/01atlas_region_index.php\" target=\"_blank\">Rh\u00f4ne-Alpes<\/a> sur le site de l&rsquo;IRMa.<\/p>\n<p>&nbsp;<\/p>\n<p>&nbsp;<\/p>\n<p>&nbsp;<\/p>\n<p>&nbsp;<\/p>\n<p>&nbsp;<\/p>\n<p><a href=\"http:\/\/www.ofme.org\/\" target=\"_blank\"><img loading=\"lazy\" class=\"alignleft size-full wp-image-513\" title=\"ofme\" alt=\"\" src=\"http:\/\/www.pedagorisk.net\/enseignants\/wp-content\/uploads\/2012\/11\/ofme.jpg\" width=\"150\" height=\"101\" \/><\/a>Le portail de <a href=\"http:\/\/www.ofme.org\/\" target=\"_blank\">l&rsquo;OFRME (Observatoire R\u00e9gional de la for\u00eat m\u00e9diterran\u00e9enne)<\/a> pr\u00e9sente l\u2019actualit\u00e9 la plus r\u00e9cente de la for\u00eat m\u00e9diterran\u00e9enne. Il constitue \u00e9galement une source majeure d\u2019information concernant les incendies de for\u00eats.<\/p>\n<p>&nbsp;<\/p>\n<p>&nbsp;<\/p>\n<p>&nbsp;<\/p>\n<p><a href=\"http:\/\/risques.gouv.fr\/\" target=\"_blank\"><img loading=\"lazy\" class=\"alignleft size-full wp-image-517\" title=\"risques_majeurs\" alt=\"\" src=\"http:\/\/www.pedagorisk.net\/enseignants\/wp-content\/uploads\/2012\/11\/risques_majeurs.jpg\" width=\"150\" height=\"101\" \/><\/a><a href=\"http:\/\/risques.gouv.fr\/\" target=\"_blank\">Portail interminist\u00e9riel de pr\u00e9vention des risques majeurs<\/a> a vocation \u00e0 permettre au plus large public de s\u2019informer, de se pr\u00e9parer et d\u2019agir en cas de risques majeurs.<\/p>\n<p>&nbsp;<\/p>\n<p>&nbsp;<\/p>\n<p>&nbsp;<\/p>\n<p>&nbsp;<\/p>\n<p><strong>Les risques naturels en lien avec la m\u00e9t\u00e9o<\/strong><\/p>\n<p>&nbsp;<\/p>\n<p><a href=\"http:\/\/www.irma-grenoble.com\/05documentation\/04dossiers_numero.php?id_DT=11\" target=\"_blank\"><img loading=\"lazy\" class=\"alignleft size-full wp-image-778\" title=\"irma_dossier_them_vigi_meteo\" alt=\"\" src=\"http:\/\/www.pedagorisk.net\/enseignants\/wp-content\/uploads\/2012\/11\/irma_dossier_them_vigi_meteo.jpg\" width=\"150\" height=\"100\" \/><\/a>\u00ab\u00a0<a href=\"http:\/\/www.irma-grenoble.com\/05documentation\/04dossiers_numero.php?id_DT=11\" target=\"_blank\">La vigilance m\u00e9t\u00e9o et l&rsquo;alerte : Comment \u00e7a marche ?<\/a>\u00a0\u00bb : un dossier th\u00e9matique multim\u00e9dia r\u00e9alis\u00e9 par l&rsquo;IRMa, pr\u00e9sente la cha\u00eene des acteurs de la pr\u00e9vision, de la vigilance et de l&rsquo;alerte m\u00e9t\u00e9o.<\/p>\n<p>&nbsp;<\/p>\n<p>&nbsp;<\/p>\n<p>&nbsp;<\/p>\n<p><a href=\"http:\/\/france.meteofrance.com\/vigilance\/Accueil\" target=\"_blank\"><img loading=\"lazy\" class=\"alignleft size-full wp-image-779\" title=\"vigi_meteofrance\" alt=\"\" src=\"http:\/\/www.pedagorisk.net\/enseignants\/wp-content\/uploads\/2012\/11\/vigi_meteofrance1.jpg\" width=\"150\" height=\"100\" \/><\/a><a href=\"http:\/\/france.meteofrance.com\/vigilance\/Accueil\" target=\"_blank\">La Vigilance m\u00e9t\u00e9orologique M\u00e9t\u00e9o France<\/a> est con\u00e7ue pour informer la population et les pouvoirs publics en cas de ph\u00e9nom\u00e8nes m\u00e9t\u00e9orologiques dangereux en m\u00e9tropole. Elle vise \u00e0 attirer l&rsquo;attention de tous sur les dangers potentiels d&rsquo;une situation m\u00e9t\u00e9orologique et \u00e0 faire conna\u00eetre les pr\u00e9cautions pour se prot\u00e9ger.<\/p>\n<p>&nbsp;<\/p>\n<p>&nbsp;<\/p>\n<p><a href=\"http:\/\/www.vigicrues.gouv.fr\/\" target=\"_blank\"><img loading=\"lazy\" class=\"alignleft size-full wp-image-781\" title=\"vigicrue\" alt=\"\" src=\"http:\/\/www.pedagorisk.net\/enseignants\/wp-content\/uploads\/2012\/11\/vigicrue.jpg\" width=\"150\" height=\"101\" \/><\/a><a href=\"http:\/\/www.vigicrues.gouv.fr\/\" target=\"_blank\">Vigicrues<\/a> : Le site de vigilance crues pr\u00e9sente une carte des bulletins et des donn\u00e9es en temps r\u00e9el. La carte est actualis\u00e9e 2 fois par jour \u00e0 10h et \u00e0 16h. En p\u00e9riode de crues, quand la rapidit\u00e9 de l&rsquo;\u00e9volution de la situation l&rsquo;exige, les donn\u00e9es peuvent \u00eatre r\u00e9actualis\u00e9s \u00e0 tout moment.<\/p>\n<p>&nbsp;<\/p>\n<p>&nbsp;<\/p>\n<p><a href=\"http:\/\/france.meteofrance.com\/france\/montagne?85205.path=montagnebulletinneige\" target=\"_blank\"><img loading=\"lazy\" class=\"alignleft size-full wp-image-782\" title=\"bul_montagne_meteofrance\" alt=\"\" src=\"http:\/\/www.pedagorisk.net\/enseignants\/wp-content\/uploads\/2012\/11\/bul_montagne_meteofrance.jpg\" width=\"150\" height=\"101\" \/><\/a><a href=\"http:\/\/france.meteofrance.com\/france\/montagne?85205.path=montagnebulletinneige\" target=\"_blank\">Le bulletin neige et avalanche<\/a> donne une estimation du risque d&rsquo;avalanche et de la qualit\u00e9 de la neige, par massif montagneux.<\/p>\n<p>&nbsp;<\/p>\n<p>&nbsp;<\/p>\n<p>&nbsp;<\/p>\n<p><a href=\"http:\/\/pluiesextremes.meteo.fr\/index.php\" target=\"_blank\"><img loading=\"lazy\" class=\"alignleft size-full wp-image-783\" title=\"pluies_extremes_meteofrance\" alt=\"\" src=\"http:\/\/www.pedagorisk.net\/enseignants\/wp-content\/uploads\/2012\/11\/pluies_extremes_meteofrance.jpg\" width=\"150\" height=\"101\" \/><\/a><a href=\"http:\/\/pluiesextremes.meteo.fr\/index.php\" target=\"_blank\">Pluies extr\u00eames en France m\u00e9tropolitaine<\/a> : Ce site recense les pluies de 24 h et de 48 h les plus remarquables observ\u00e9es en France m\u00e9tropolitaine. L&rsquo;ensemble des bases de donn\u00e9es porte sur la p\u00e9riode 1958-2011. Plus de 250 \u00e9v\u00e9nements sont recens\u00e9s et accessibles par p\u00e9riode ou secteur g\u00e9ographique.<\/p>\n<p>&nbsp;<\/p>\n<p>&nbsp;<\/p>\n<p><a href=\"http:\/\/www.statistiques.developpement-durable.gouv.fr\/environnement\/i\/risques-1.html\" target=\"_blank\"><img loading=\"lazy\" class=\"alignleft size-full wp-image-785\" title=\"stats_medde\" alt=\"\" src=\"http:\/\/www.pedagorisk.net\/enseignants\/wp-content\/uploads\/2012\/11\/stats_medde.jpg\" width=\"150\" height=\"101\" \/><\/a>Le site du <a href=\"http:\/\/www.statistiques.developpement-durable.gouv.fr\/environnement\/i\/risques-1.html\" target=\"_blank\">service statistique du minist\u00e8re du d\u00e9veloppement durable<\/a>\u00a0pr\u00e9sente des donn\u00e9es et informations sur les th\u00e8mes de l\u2019environnement (air, eau, nature et biodiversit\u00e9, sol&#8230;), du d\u00e9veloppement durable (changement climatique,\u00a0ressources et d\u00e9chets&#8230;)\u00a0 et des risques naturels et technologiques.<\/p>\n<p>&nbsp;<\/p>\n<p>&nbsp;<\/p>\n<p>&nbsp;<\/p>\n<p>&nbsp;<\/p>\n<p>&nbsp;<\/p>\n<p>&nbsp;<\/p>\n","protected":false},"excerpt":{"rendered":"<p>&nbsp; &nbsp; Dossier d&rsquo;information \u00ab\u00a0Les risques majeurs\u00a0\u00bb sur le site prim.net Prim.net constitue le portail de la pr\u00e9vention des risques majeurs du minist\u00e8re en charge du d\u00e9veloppement durable. Il propose des dossiers complets pour chaque al\u00e9a, pour un large public, des pages d&rsquo;actualit\u00e9, des informations sur la r\u00e9glementation, etc. &nbsp; \u2026 <a href=\"http:\/\/www.pedagorisk.net\/enseignants\/college\/les-risques-naturels\/\"> Continue reading <span class=\"meta-nav\">&rarr; <\/span><\/a><\/p>\n","protected":false},"author":1,"featured_media":0,"parent":49,"menu_order":1,"comment_status":"closed","ping_status":"closed","template":"","meta":[],"_links":{"self":[{"href":"http:\/\/www.pedagorisk.net\/enseignants\/wp-json\/wp\/v2\/pages\/73"}],"collection":[{"href":"http:\/\/www.pedagorisk.net\/enseignants\/wp-json\/wp\/v2\/pages"}],"about":[{"href":"http:\/\/www.pedagorisk.net\/enseignants\/wp-json\/wp\/v2\/types\/page"}],"author":[{"embeddable":true,"href":"http:\/\/www.pedagorisk.net\/enseignants\/wp-json\/wp\/v2\/users\/1"}],"replies":[{"embeddable":true,"href":"http:\/\/www.pedagorisk.net\/enseignants\/wp-json\/wp\/v2\/comments?post=73"}],"version-history":[{"count":74,"href":"http:\/\/www.pedagorisk.net\/enseignants\/wp-json\/wp\/v2\/pages\/73\/revisions"}],"predecessor-version":[{"id":311,"href":"http:\/\/www.pedagorisk.net\/enseignants\/wp-json\/wp\/v2\/pages\/73\/revisions\/311"}],"up":[{"embeddable":true,"href":"http:\/\/www.pedagorisk.net\/enseignants\/wp-json\/wp\/v2\/pages\/49"}],"wp:attachment":[{"href":"http:\/\/www.pedagorisk.net\/enseignants\/wp-json\/wp\/v2\/media?parent=73"}],"curies":[{"name":"wp","href":"https:\/\/api.w.org\/{rel}","templated":true}]}}