{"id":278,"date":"2012-11-27T11:35:02","date_gmt":"2012-11-27T10:35:02","guid":{"rendered":"http:\/\/www.pedagorisk.net\/enseignants\/?page_id=278"},"modified":"2013-10-10T14:08:08","modified_gmt":"2013-10-10T13:08:08","slug":"les-actions-de-prevention","status":"publish","type":"page","link":"http:\/\/www.pedagorisk.net\/enseignants\/lycee\/les-actions-de-prevention\/","title":{"rendered":"Les actions de pr\u00e9vention et de protection"},"content":{"rendered":"<p>&nbsp;<\/p>\n<p><a href=\"http:\/\/www.developpement-durable.gouv.fr\/Introduction,24018.html\" target=\"_blank\"><img loading=\"lazy\" class=\"alignleft size-full wp-image-1151\" alt=\"medde_prevention_risque\" src=\"http:\/\/www.pedagorisk.net\/enseignants\/wp-content\/uploads\/2012\/11\/medde_prevention_risque4.jpg\" width=\"150\" height=\"101\" \/>La politique de pr\u00e9vention des risques en France <\/a>: Le minist\u00e8re de l\u2019\u00c9cologie, du D\u00e9veloppement durable et de l\u2019Energie (MEDDE)\u00a0 intervient principalement pour la pr\u00e9vention, la protection, la r\u00e9duction des risques et l\u2019information pr\u00e9ventive.<\/p>\n<p>&nbsp;<\/p>\n<p>&nbsp;<\/p>\n<p><a href=\"http:\/\/catalogue.prim.net\/163_la-demarche-francaise-de-prevention-des-risques-majeurs.html\" target=\"_blank\"><img loading=\"lazy\" class=\"alignleft size-full wp-image-1249\" alt=\"demarche_fr_prev_rm_prim\" src=\"http:\/\/www.pedagorisk.net\/enseignants\/wp-content\/uploads\/2012\/11\/demarche_fr_prev_rm_prim1.jpg\" width=\"150\" height=\"101\" \/>La d\u00e9marche fran\u00e7aise de pr\u00e9vention des risques majeurs<\/a> (Mars 2011) : cet ouvrage r\u00e9alis\u00e9 par le MEDDE (Minist\u00e8re de l\u2019\u00c9cologie, du D\u00e9veloppement durable et de l\u2019Energie) pr\u00e9sente les axes de la politique de pr\u00e9vention des risques majeurs en France.<\/p>\n<p>&nbsp;<\/p>\n<p>&nbsp;<\/p>\n<p><a href=\"http:\/\/www.irma-grenoble.com\/05documentation\/04dossiers_numero.php?id_DT=10\" target=\"_blank\"><img loading=\"lazy\" class=\"alignleft size-full wp-image-1142\" alt=\"irma_dossier_them_acteurs_risque\" src=\"http:\/\/www.pedagorisk.net\/enseignants\/wp-content\/uploads\/2012\/11\/irma_dossier_them_acteurs_risque1.jpg\" width=\"150\" height=\"101\" \/><\/a>Le dossier th\u00e9matique \u00ab\u00a0<a href=\"http:\/\/www.irma-grenoble.com\/05documentation\/04dossiers_articles.php?id_DTart=91&amp;id_DT=10\" target=\"_blank\">Les acteurs de la gestion des risques : Qui fait quoi <\/a>?\u00a0\u00bb d\u00e9crit les acteurs et leurs r\u00f4les \u00e0 tous les \u00e9chelons de la gestion des risques. (IRMa).<\/p>\n<p>&nbsp;<\/p>\n<p>&nbsp;<\/p>\n<p>&nbsp;<\/p>\n<p><a href=\"http:\/\/www.installationsclassees.developpement-durable.gouv.fr\/Prevention-des-risques-industriels.html\" target=\"_blank\"><img loading=\"lazy\" class=\"alignleft size-full wp-image-1250\" alt=\"ic_prev_risque_indus\" src=\"http:\/\/www.pedagorisk.net\/enseignants\/wp-content\/uploads\/2012\/11\/ic_prev_risque_indus.jpg\" width=\"150\" height=\"100\" \/>La pr\u00e9vention des risques industriels li\u00e9s \u00e0 l&rsquo;al\u00e9a sismique<\/a> : Pr\u00e9sentation du contexte, des enjeux, de la politique et de la r\u00e9glementation en mati\u00e8re de pr\u00e9vention des risques industriels li\u00e9s \u00e0 l&rsquo;al\u00e9a sismique.<\/p>\n<p>&nbsp;<\/p>\n<p>&nbsp;<\/p>\n<p>&nbsp;<\/p>\n<p><a href=\"http:\/\/www.actu-environnement.com\/ae\/dossiers\/gestion-risque-industriel\/gestion-risque-industriel.php4\" target=\"_blank\"><img loading=\"lazy\" class=\"alignleft size-full wp-image-1261\" alt=\"actu_envir_risque_indus\" src=\"http:\/\/www.pedagorisk.net\/enseignants\/wp-content\/uploads\/2012\/11\/actu_envir_risque_indus.jpg\" width=\"150\" height=\"100\" \/><\/a>\u00ab\u00a0<a href=\"http:\/\/www.actu-environnement.com\/ae\/dossiers\/gestion-risque-industriel\/gestion-risque-industriel.php4\" target=\"_blank\">Risque industriel : quelles \u00e9volutions depuis AZF ?<\/a>\u00a0\u00bb Dix ans apr\u00e8s la catastrophe d&rsquo;AZF, qu&rsquo;en est-il de la gestion du risque industriel en France ? Actu-environnement fait le point sur l&rsquo;\u00e9volution de la r\u00e9glementation et sa difficile mise en \u0153uvre.<\/p>\n<h1><\/h1>\n<p>&nbsp;<\/p>\n<p>&nbsp;<\/p>\n<p>&nbsp;<\/p>\n<p><a href=\"http:\/\/www.planrhone.fr\/front\/100-252-0-\" target=\"_blank\"><img loading=\"lazy\" class=\"alignleft size-full wp-image-1259\" alt=\"plan_rhone\" src=\"http:\/\/www.pedagorisk.net\/enseignants\/wp-content\/uploads\/2012\/11\/plan_rhone.jpg\" width=\"150\" height=\"100\" \/><\/a>Pr\u00e9vention des inondations en Rh\u00f4ne-Alpes : <a href=\"http:\/\/www.planrhone.fr\/front\/100-252-0-\" target=\"_blank\">le Plan Rh\u00f4ne <\/a><\/p>\n<p>&nbsp;<\/p>\n<p>&nbsp;<\/p>\n<p>&nbsp;<\/p>\n<p>&nbsp;<\/p>\n<p>&nbsp;<\/p>\n<p><a href=\"http:\/\/www.symbhi.fr\/\" target=\"_blank\"><img loading=\"lazy\" class=\"alignleft size-full wp-image-1360\" alt=\"Symbhi\" src=\"http:\/\/www.pedagorisk.net\/enseignants\/wp-content\/uploads\/2012\/11\/Symbhi.jpg\" width=\"150\" height=\"108\" \/><\/a>2 exemples de grands projets de protection contre les inondations :<br \/>\n* \u00ab\u00a0<a href=\"http:\/\/www.symbhi.fr\/10414-les-objectifs.htm\" target=\"_blank\">Is\u00e8re amont<\/a>\u00a0\u00bb ou l&rsquo;am\u00e9nagement de l&rsquo;Is\u00e8re entre Grenoble et Pontcharra.<\/p>\n<p>* \u00ab\u00a0<a href=\"http:\/\/www.symbhi.fr\/10131-la-romanche.htm\" target=\"_blank\">Romanche S\u00e9chilienne<\/a>\u00a0\u00bb<\/p>\n<p>&nbsp;<\/p>\n<p>&nbsp;<\/p>\n<p>&nbsp;<\/p>\n<p>&nbsp;<\/p>\n<p><span style=\"text-decoration: underline;\"><strong>La ma\u00eetrise de l&rsquo;urbanisation : PPR (Plan de pr\u00e9vention des risques) et PPRT (Plan de pr\u00e9vention des risques technologiques)<br \/>\n<\/strong><\/span><\/p>\n<p>&nbsp;<\/p>\n<p><a href=\"http:\/\/www.mementodumaire.net\/dispositions-generales-2\/amenagement-durable-du-territoire\/dga3-plans-de-prevention-des-risques-naturels-previsibles-pprn-et-plans-de-prevention-des-risques-miniers-pprm\/\" target=\"_blank\"><img loading=\"lazy\" class=\"alignleft size-full wp-image-1254\" alt=\"memento\" src=\"http:\/\/www.pedagorisk.net\/enseignants\/wp-content\/uploads\/2012\/11\/memento7.jpg\" width=\"150\" height=\"101\" \/>Plan de pr\u00e9vention des risques naturels pr\u00e9visibles<\/a> (PPRN) et plan de pr\u00e9vention des risques miniers (PPRM)\u00a0 : Elaboration, contenu, effets.<\/p>\n<h1><\/h1>\n<p>&nbsp;<\/p>\n<p>&nbsp;<\/p>\n<p>&nbsp;<\/p>\n<p><a href=\"http:\/\/www.irma-grenoble.com\/04risques_rhone_alpes\/01atlas_region_index.php\" target=\"_blank\"><img loading=\"lazy\" class=\"alignleft size-full wp-image-1264\" alt=\"irma_atlas\" src=\"http:\/\/www.pedagorisk.net\/enseignants\/wp-content\/uploads\/2012\/11\/irma_atlas8.jpg\" width=\"150\" height=\"101\" \/><\/a>Cartographie des diff\u00e9rents <a href=\"http:\/\/www.irma-grenoble.com\/04risques_rhone_alpes\/01atlas_region_index.php\" target=\"_blank\">PPR et des PPRT en <strong>Rh\u00f4ne-Alpes<\/strong><\/a> sur le site de l\u2019IRMa.<\/p>\n<p>&nbsp;<\/p>\n<p>&nbsp;<\/p>\n<p>&nbsp;<\/p>\n<p>&nbsp;<\/p>\n<p><a href=\"http:\/\/www.risquesmajeurs.fr\/les-plans-de-prevention-des-risques-naturels-ppr\" target=\"_blank\"><img loading=\"lazy\" class=\"alignleft size-full wp-image-1147\" alt=\"ppr_prim\" src=\"http:\/\/www.pedagorisk.net\/enseignants\/wp-content\/uploads\/2012\/11\/ppr_prim.jpg\" width=\"150\" height=\"101\" \/><\/a>Carte des PPR et de leur <a href=\"http:\/\/www.risquesmajeurs.fr\/les-plans-de-prevention-des-risques-naturels-ppr\" target=\"_blank\">r\u00e9partition g\u00e9ographique<\/a>.<\/p>\n<p>&nbsp;<\/p>\n<p>&nbsp;<\/p>\n<p>&nbsp;<\/p>\n<p>&nbsp;<\/p>\n<p><a href=\"http:\/\/www.developpement-durable.gouv.fr\/Maitrise-de-l-urbanisation-PPRT,12775.html\" target=\"_blank\"><img loading=\"lazy\" class=\"alignleft size-full wp-image-1151\" alt=\"medde_prevention_risque\" src=\"http:\/\/www.pedagorisk.net\/enseignants\/wp-content\/uploads\/2012\/11\/medde_prevention_risque4.jpg\" width=\"150\" height=\"101\" \/>Les Plans de pr\u00e9vention des risques technologiques : les PPRT<\/a> (Plans de pr\u00e9vention des risques technologiques). Conna\u00eetre la r\u00e9glementation, le contenu d\u2019un PPRT, le r\u00f4le des diff\u00e9rents acteurs\u2026 Un film de 15 mn pr\u00e9sente la d\u00e9marche et les enjeux li\u00e9s aux PPRT.<\/p>\n<p>&nbsp;<\/p>\n<p>&nbsp;<\/p>\n<p>&nbsp;<\/p>\n<p><a href=\"http:\/\/www.clic-rhonealpes.com\/\" target=\"_blank\"><img loading=\"lazy\" class=\"alignleft size-full wp-image-1265\" alt=\"pprt_ra\" src=\"http:\/\/www.pedagorisk.net\/enseignants\/wp-content\/uploads\/2012\/11\/pprt_ra1.jpg\" width=\"150\" height=\"101\" \/><\/a>Consulter l\u2019\u00e9tat d\u2019avancement des PPRT en <strong>Rh\u00f4ne-Alpes<\/strong>, comprendre la d\u00e9marche d\u2019\u00e9laboration et consulter les dossiers de chaque plan sur le site des <a href=\"http:\/\/www.clic-rhonealpes.com\/\" target=\"_blank\">CLIC &amp; PPRT en Rh\u00f4ne-Alpes.<\/a><\/p>\n<p>&nbsp;<\/p>\n<p>&nbsp;<\/p>\n<p>&nbsp;<\/p>\n<p><a href=\"http:\/\/www.lesbonsreflexes.com\/index.php\" target=\"_blank\"><img loading=\"lazy\" class=\"alignleft size-full wp-image-1422\" alt=\"Les_bons_reflexes\" src=\"http:\/\/www.pedagorisk.net\/enseignants\/wp-content\/uploads\/2012\/11\/Les_bons_reflexes.jpg\" width=\"150\" height=\"105\" \/><\/a>Le site officiel de <a href=\"http:\/\/www.lesbonsreflexes.com\/index.php\" target=\"_blank\">la campagne d\u2019information 2013 en Rh\u00f4ne-Alpes<\/a> sur les <strong>risques industriels<\/strong> met \u00e0 disposition l\u2019ensemble des supports et m\u00e9dias utilis\u00e9s (grand public et scolaires) : \u00e9couter le signal d\u2019alerte et de fin d\u2019alerte, t\u00e9l\u00e9charger le dessin anim\u00e9 \u00ab\u00a0Arlette, la tortue d\u2019alerte\u00a0\u00bb, jouer au Serious Game @.L.E.R.T.E\u2026 Une rubrique est tout sp\u00e9cialement d\u00e9di\u00e9e aux <a href=\"http:\/\/www.lesbonsreflexes.com\/ressources-enseignants.html\" target=\"_blank\">ressources pour les enseignants.<\/a><\/p>\n<p>&nbsp;<\/p>\n<p>&nbsp;<\/p>\n<p>&nbsp;<\/p>\n<p><span style=\"text-decoration: underline;\"><strong>\u00a0Planification et gestion de crise<\/strong><\/span><\/p>\n<p><a href=\"http:\/\/www.interieur.gouv.fr\/Le-ministere\/La-Securite-civile\" target=\"_blank\"><img loading=\"lazy\" class=\"alignleft size-full wp-image-1252\" alt=\"mi_securite_civile\" src=\"http:\/\/www.pedagorisk.net\/enseignants\/wp-content\/uploads\/2012\/11\/mi_securite_civile1.jpg\" width=\"150\" height=\"101\" \/>Le minist\u00e8re de l&rsquo;Int\u00e9rieur<\/a> intervient dans la pr\u00e9paration et la gestion des crises.<\/p>\n<p>&nbsp;<\/p>\n<p>&nbsp;<\/p>\n<p>&nbsp;<\/p>\n<p>&nbsp;<\/p>\n<p><a href=\"http:\/\/www.mementodumaire.net\/dispositions-generales-2\/vigilance-alerte-et-secours\/\" target=\"_blank\"><img loading=\"lazy\" class=\"alignleft size-full wp-image-1254\" alt=\"memento\" src=\"http:\/\/www.pedagorisk.net\/enseignants\/wp-content\/uploads\/2012\/11\/memento7.jpg\" width=\"150\" height=\"101\" \/>Vigilance, alerte et secours :<\/a> comment s&rsquo;organise la s\u00e9curit\u00e9 civile, pr\u00e9sentation du dispositif ORSEC et des moyens d&rsquo;alerte de lapopulation.<\/p>\n<p>&nbsp;<\/p>\n<p>&nbsp;<\/p>\n<p>&nbsp;<\/p>\n<p>&nbsp;<\/p>\n<p><a href=\"http:\/\/www.mementodumaire.net\/responsabilites-du-maire-2\/r8-plan-communal-de-sauvegarde-pcs\/\" target=\"_blank\"><img loading=\"lazy\" class=\"alignleft size-full wp-image-548\" alt=\"memento\" src=\"http:\/\/www.pedagorisk.net\/enseignants\/wp-content\/uploads\/2012\/11\/memento5.jpg\" width=\"150\" height=\"101\" \/>Le Plan communal de sauvegarde (PCS)<\/a> ou l&rsquo;organisation de la crise \u00e0 l&rsquo;\u00e9chelon communal.<\/p>\n<p>&nbsp;<\/p>\n<p>&nbsp;<\/p>\n<p>&nbsp;<\/p>\n<p>&nbsp;<\/p>\n<p><a href=\"http:\/\/www.risquesmajeurs.fr\/gonfreville-lorcher-face-aux-risques-majeurs\" target=\"_blank\"><img loading=\"lazy\" class=\"alignleft size-full wp-image-1257\" alt=\"gonfreville_prim\" src=\"http:\/\/www.pedagorisk.net\/enseignants\/wp-content\/uploads\/2012\/11\/gonfreville_prim1.jpg\" width=\"150\" height=\"101\" \/><\/a>L&rsquo;exemple du <a href=\"http:\/\/www.risquesmajeurs.fr\/gonfreville-lorcher-face-aux-risques-majeurs\" target=\"_blank\">PCS de Gonfreville L&rsquo;orcher<\/a> (Seine-Maritime) en vid\u00e9o.<\/p>\n<h1><\/h1>\n<p>&nbsp;<\/p>\n<p>&nbsp;<\/p>\n","protected":false},"excerpt":{"rendered":"<p>&nbsp; La politique de pr\u00e9vention des risques en France : Le minist\u00e8re de l\u2019\u00c9cologie, du D\u00e9veloppement durable et de l\u2019Energie (MEDDE)\u00a0 intervient principalement pour la pr\u00e9vention, la protection, la r\u00e9duction des risques et l\u2019information pr\u00e9ventive. &nbsp; &nbsp; La d\u00e9marche fran\u00e7aise de pr\u00e9vention des risques majeurs (Mars 2011) : cet ouvrage \u2026 <a href=\"http:\/\/www.pedagorisk.net\/enseignants\/lycee\/les-actions-de-prevention\/\"> Continue reading <span class=\"meta-nav\">&rarr; <\/span><\/a><\/p>\n","protected":false},"author":1,"featured_media":0,"parent":51,"menu_order":6,"comment_status":"closed","ping_status":"closed","template":"","meta":[],"_links":{"self":[{"href":"http:\/\/www.pedagorisk.net\/enseignants\/wp-json\/wp\/v2\/pages\/278"}],"collection":[{"href":"http:\/\/www.pedagorisk.net\/enseignants\/wp-json\/wp\/v2\/pages"}],"about":[{"href":"http:\/\/www.pedagorisk.net\/enseignants\/wp-json\/wp\/v2\/types\/page"}],"author":[{"embeddable":true,"href":"http:\/\/www.pedagorisk.net\/enseignants\/wp-json\/wp\/v2\/users\/1"}],"replies":[{"embeddable":true,"href":"http:\/\/www.pedagorisk.net\/enseignants\/wp-json\/wp\/v2\/comments?post=278"}],"version-history":[{"count":17,"href":"http:\/\/www.pedagorisk.net\/enseignants\/wp-json\/wp\/v2\/pages\/278\/revisions"}],"predecessor-version":[{"id":1222,"href":"http:\/\/www.pedagorisk.net\/enseignants\/wp-json\/wp\/v2\/pages\/278\/revisions\/1222"}],"up":[{"embeddable":true,"href":"http:\/\/www.pedagorisk.net\/enseignants\/wp-json\/wp\/v2\/pages\/51"}],"wp:attachment":[{"href":"http:\/\/www.pedagorisk.net\/enseignants\/wp-json\/wp\/v2\/media?parent=278"}],"curies":[{"name":"wp","href":"https:\/\/api.w.org\/{rel}","templated":true}]}}