{"id":234,"date":"2012-11-27T11:21:55","date_gmt":"2012-11-27T10:21:55","guid":{"rendered":"http:\/\/www.pedagorisk.net\/enseignants\/?page_id=234"},"modified":"2014-08-08T10:23:49","modified_gmt":"2014-08-08T09:23:49","slug":"outils-pedagogiques","status":"publish","type":"page","link":"http:\/\/www.pedagorisk.net\/enseignants\/primaire\/outils-pedagogiques\/","title":{"rendered":"Les risques naturels"},"content":{"rendered":"<p><strong>\u00a0<span style=\"text-decoration: underline;\">Conna\u00eetre les risques<\/span><\/strong><\/p>\n<p><a href=\"http:\/\/www.mementodumaire.net\/les-risques-naturels\/\" target=\"_blank\"><img loading=\"lazy\" class=\"alignleft  wp-image-423\" title=\"memento\" alt=\"\" src=\"http:\/\/www.pedagorisk.net\/enseignants\/wp-content\/uploads\/2012\/11\/memento2.jpg\" width=\"150\" height=\"100\" \/><\/a><a href=\"http:\/\/www.mementodumaire.net\/les-risques-naturels\/\" target=\"_blank\">Le m\u00e9mento du maire<\/a> et des \u00e9lus locaux est constitu\u00e9 de fiches qui d\u00e9crivent la nature de chaque risque, les risques qu&rsquo;il peut engendrer et la r\u00e9glementation qui s&rsquo;y rapporte.<\/p>\n<p>&nbsp;<\/p>\n<p>&nbsp;<\/p>\n<p><strong><br \/>\n<\/strong><\/p>\n<p><a href=\"http:\/\/www.prim.net\/#\" target=\"_blank\"><img loading=\"lazy\" class=\"alignleft size-full wp-image-425\" title=\"risques_majeurs_guide_prim\" alt=\"\" src=\"http:\/\/www.pedagorisk.net\/enseignants\/wp-content\/uploads\/2012\/11\/risques_majeurs_guide_prim.jpg\" width=\"150\" height=\"100\" \/><\/a><a href=\"http:\/\/www.risquesmajeurs.fr\/\" target=\"_blank\">Prim.net<\/a> le portail de la pr\u00e9vention des risques majeurs du Minist\u00e8re du D\u00e9veloppement durable, propose des dossiers complets pour chaque risque (naturel et technologique), avec les actions de pr\u00e9vention et de protection :<\/p>\n<p>&nbsp;<\/p>\n<p>&nbsp;<\/p>\n<ul>\n<li>Le risque <a href=\"http:\/\/www.risquesmajeurs.fr\/le-risque-volcanique\">volcanique<\/a><\/li>\n<li>Le risque <a href=\"http:\/\/www.risquesmajeurs.fr\/le-risque-sismique\" target=\"_blank\">sismique<\/a><\/li>\n<li>Le risque <a href=\"http:\/\/www.risquesmajeurs.fr\/category\/grandes-cat%C3%A9gories\/le-risque-cyclonique\" target=\"_blank\">cyclonique<\/a><\/li>\n<li>Le risque <a href=\"http:\/\/www.risquesmajeurs.fr\/category\/grandes-cat%C3%A9gories\/le-risque-temp%C3%AAte\" target=\"_blank\">temp\u00eate<\/a><\/li>\n<li>Le risque <a href=\"http:\/\/www.risquesmajeurs.fr\/le-risque-inondation\" target=\"_blank\">inondation<\/a><\/li>\n<li>Le risque <a href=\"http:\/\/www.risquesmajeurs.fr\/le-risque-avalanche\" target=\"_blank\">avalanche<\/a><\/li>\n<li>Le risque <a href=\"http:\/\/www.risquesmajeurs.fr\/category\/grandes-cat%C3%A9gories\/le-risque-mouvement-de-terrain\" target=\"_blank\">mouvement de terrain<\/a><\/li>\n<li>Le risque <a href=\"http:\/\/www.risquesmajeurs.fr\/category\/grandes-cat%C3%A9gories\/le-risque-feux-de-for%C3%AAt\" target=\"_blank\">feu de for\u00eat<\/a><\/li>\n<\/ul>\n<p>&nbsp;<\/p>\n<p><a href=\"http:\/\/risques.gouv.fr\/risques-naturels\/tsunami\" target=\"_blank\"><img loading=\"lazy\" class=\"alignleft size-full wp-image-433\" title=\"risques_majeurs_techno\" alt=\"\" src=\"http:\/\/www.pedagorisk.net\/enseignants\/wp-content\/uploads\/2012\/11\/risques_majeurs_techno.jpg\" width=\"150\" height=\"101\" \/><\/a><a href=\"http:\/\/risques.gouv.fr\/risques-naturels\/tsunami\" target=\"_blank\">Le risque tsunami<\/a> expliqu\u00e9 sur le Portail interminist\u00e9riel de pr\u00e9vention des risques majeurs.<\/p>\n<p>&nbsp;<\/p>\n<p>&nbsp;<\/p>\n<p>&nbsp;<\/p>\n<p>&nbsp;<\/p>\n<p><a href=\"http:\/\/www.info-tsunami.fr\/content.php?sel=12\" target=\"_blank\"><img loading=\"lazy\" class=\"alignleft size-full wp-image-436\" title=\"cenalt_tsunami\" alt=\"\" src=\"http:\/\/www.pedagorisk.net\/enseignants\/wp-content\/uploads\/2012\/11\/cenalt_tsunami.jpg\" width=\"150\" height=\"99\" \/><\/a><a href=\"http:\/\/www.info-tsunami.fr\/content.php?sel=12\" target=\"_blank\">Le CENtre d\u2019Alerte aux Tsunamis<\/a> (CENALT) surveille les forts s\u00e9ismes et les tsunamis survenant en M\u00e9diterran\u00e9e occidentale et dans l\u2019Atlantique nord-est, et alerte la s\u00e9curit\u00e9 civile en cas de risque de tsunami. Il est entr\u00e9 en phase op\u00e9rationnelle le 1er juillet 2012.<\/p>\n<p><a href=\"http:\/\/www.info-tsunami.fr\/\" target=\"_blank\">La carte des tsunamis<\/a> survenus en M\u00e9diterran\u00e9e depuis l&rsquo;an 79<\/p>\n<p>&nbsp;<\/p>\n<p>&nbsp;<\/p>\n<p><a href=\"http:\/\/www.azurseisme.com\/Tsunamis-et-raz-de-maree,81.html\" target=\"_blank\"><img loading=\"lazy\" class=\"alignleft size-full wp-image-443\" title=\"azurseismes_tsunami\" alt=\"\" src=\"http:\/\/www.pedagorisk.net\/enseignants\/wp-content\/uploads\/2012\/11\/azurseismes_tsunami.jpg\" width=\"150\" height=\"101\" \/><\/a><a href=\"http:\/\/www.azurseisme.com\/Tsunamis-et-raz-de-maree,81.html\" target=\"_blank\">Azurs\u00e9isme<\/a> recense les tsunamis et raz de mar\u00e9e historiques de la \u00ab\u00a0C\u00f4te d\u2019Azur \u00e0 la Riviera di Ponente\u00a0\u00bb<\/p>\n<p>&nbsp;<\/p>\n<p>&nbsp;<\/p>\n<p>&nbsp;<\/p>\n<p>&nbsp;<\/p>\n<p><a href=\"http:\/\/www.prevention2000.org\/cat_nat\/index1.htm\" target=\"_blank\"><img loading=\"lazy\" class=\"alignleft size-full wp-image-445\" title=\"prevention2000\" alt=\"\" src=\"http:\/\/www.pedagorisk.net\/enseignants\/wp-content\/uploads\/2012\/11\/prevention2000.jpg\" width=\"150\" height=\"98\" \/><\/a>\u00a0<a href=\"http:\/\/www.prevention2000.org\/cat_nat\/index1.htm\" target=\"_blank\">\u00ab\u00a0Catastrophes Naturelle &#8211; Le portail \u00e9ducatif francophone sur les risques naturels\u00a0\u00bb<\/a> est r\u00e9alis\u00e9 par l&rsquo;association Pr\u00e9vention 2000 qui con\u00e7oit des projets p\u00e9dagogiques dans le domaine de la pr\u00e9vention des risques majeurs.<\/p>\n<p>&nbsp;<\/p>\n<p>&nbsp;<\/p>\n<p>&nbsp;<\/p>\n<p><span style=\"text-decoration: underline;\"><strong>Les risques naturels en outre-mer<\/strong><\/span><\/p>\n<p><a href=\"http:\/\/www.risquesnaturels.re\/\" target=\"_blank\"><img loading=\"lazy\" class=\"alignleft  wp-image-449\" title=\"risquesnaturels_reunion\" alt=\"\" src=\"http:\/\/www.pedagorisk.net\/enseignants\/wp-content\/uploads\/2012\/11\/risquesnaturels_reunion.jpg\" width=\"150\" height=\"100\" \/><\/a><a href=\"http:\/\/www.risquesnaturels.re\/\" target=\"_blank\">Les risques naturels \u00e0 La R\u00e9union<\/a> est un site d\u00e9velopp\u00e9 par les services de l&rsquo;Etat, riche d&rsquo;information, cr\u00e9\u00e9 pour permettre \u00e0 la population de l&rsquo;\u00cele d&rsquo;\u00eatre davantage sensibilis\u00e9e sur les risques naturels qui les concernent. Une section ludique est r\u00e9serv\u00e9e aux enfants.<\/p>\n<p>&nbsp;<\/p>\n<p>&nbsp;<\/p>\n<p>&nbsp;<\/p>\n<p><a href=\"http:\/\/www.cite-sciences.fr\/outre-mer\/OUTREMER\/RECHERCHES\/recherches_7.htm#p2\" target=\"_blank\"><img loading=\"lazy\" class=\"alignleft  wp-image-456\" title=\"citedessciences_outremer\" alt=\"\" src=\"http:\/\/www.pedagorisk.net\/enseignants\/wp-content\/uploads\/2012\/11\/citedessciences_outremer.jpg\" width=\"150\" height=\"101\" \/><\/a><a href=\"http:\/\/www.cite-sciences.fr\/outre-mer\/OUTREMER\/RECHERCHES\/recherches_7.htm#p2\" target=\"_blank\">La cit\u00e9 des Sciences<\/a> propose un dossier sur les risques naturels et l&rsquo;Outre-mer (Martinique et Guadeloupe).<\/p>\n<p>&nbsp;<\/p>\n<p>&nbsp;<\/p>\n<p>&nbsp;<\/p>\n<p>&nbsp;<\/p>\n<p><a href=\"http:\/\/www.lave-volcans.com\/intro.html\" target=\"_blank\"><img loading=\"lazy\" class=\"alignleft size-full wp-image-1184\" alt=\"lave_volcans\" src=\"http:\/\/www.pedagorisk.net\/enseignants\/wp-content\/uploads\/2012\/11\/lave_volcans.jpg\" width=\"150\" height=\"101\" \/>L&rsquo;Association Volcanique Europ\u00e9enne (LAVE) <\/a>est une association \u00e0 caract\u00e8re scientifique qui a la volont\u00e9 de favoriser les \u00e9changes scientifiques dans le domaine des sciences de la Terre, et de contribuer \u00e0 la valorisation de la recherche volcanologique. Pour cela, elle r\u00e9alise des actions d&rsquo;informations \u00e0 l&rsquo;adresse du grand public.<\/p>\n<p>&nbsp;<\/p>\n<p>&nbsp;<\/p>\n<p>&nbsp;<\/p>\n<p><a href=\"http:\/\/www.risquesetsavoirs.fr\/\" target=\"_blank\"><img loading=\"lazy\" class=\"alignleft size-full wp-image-458\" title=\"revue_risques_savoirs\" alt=\"\" src=\"http:\/\/www.pedagorisk.net\/enseignants\/wp-content\/uploads\/2012\/11\/revue_risques_savoirs1.jpg\" width=\"147\" height=\"99\" \/><\/a>\u00ab\u00a0<a href=\"http:\/\/www.risquesetsavoirs.fr\/\">Risques &amp; Savoirs<\/a>\u00a0\u00bb : Ce site compl\u00e8te les contenus de la revue \u00ab\u00a0Risques &amp; Savoirs\u00a0\u00bb \u00e9dit\u00e9e par le CRDP de Versailles en partenariat avec la Direction de la S\u00e9curit\u00e9 Civile.\u00a0 Il est possible de t\u00e9l\u00e9charger des vid\u00e9os, (Voir onglet \u00ab\u00a0Outils p\u00e9dagogiques\u00a0\u00bb).<\/p>\n<p>&nbsp;<\/p>\n<p>&nbsp;<\/p>\n<p>&nbsp;<\/p>\n<p><a href=\"http:\/\/rme.ac-rouen.fr\/une.htm\" target=\"_blank\"><img loading=\"lazy\" class=\"alignleft size-full wp-image-460\" title=\"academie_rouen_rme\" alt=\"\" src=\"http:\/\/www.pedagorisk.net\/enseignants\/wp-content\/uploads\/2012\/11\/academie_rouen_rme.jpg\" width=\"150\" height=\"100\" \/><\/a><a href=\"http:\/\/rme.ac-rouen.fr\/une.htm\" target=\"_blank\">L&rsquo;\u00e9quipe RME (Risques Majeurs et Environnement) <\/a>de l&rsquo;Acad\u00e9mie de Rouen propose des ressources p\u00e9dagogiques sur les diff\u00e9rents risques naturels et technologiques et pr\u00e9sente des exemples de travaux d&rsquo;\u00e9l\u00e8ves :<\/p>\n<p>&nbsp;<\/p>\n<p>&nbsp;<\/p>\n<ul>\n<li>Quelques <a href=\"http:\/\/rme.ac-rouen.fr\/les1_ecole.htm\" target=\"_blank\">exemples<\/a> d&rsquo;actions \u00e9ducatives dans les \u00e9coles maternelles et primaires<\/li>\n<li>Quelques <a href=\"http:\/\/rme.ac-rouen.fr\/les1_multiniveaux.htm\" target=\"_blank\">pistes <\/a>d&rsquo;actions \u00e9ducatives multiniveaux : faire r\u00e9fl\u00e9chir sur le risque industriel, sur les risques naturels, faire conna\u00eetre les gestes de s\u00fbret\u00e9\u2026<\/li>\n<\/ul>\n<p>&nbsp;<\/p>\n<p><span style=\"text-decoration: underline;\"><strong>Les \u00e9v\u00e9nements naturels en cours ou pass\u00e9s<\/strong><\/span><\/p>\n<p><a href=\"http:\/\/www.irma-grenoble.com\/04risques_isere\/03memoire_index.php\" target=\"_blank\"><img loading=\"lazy\" class=\"alignleft size-full wp-image-467\" title=\"irma_atlas\" alt=\"\" src=\"http:\/\/www.pedagorisk.net\/enseignants\/wp-content\/uploads\/2012\/11\/irma_atlas.jpg\" width=\"150\" height=\"101\" \/><\/a><a href=\"http:\/\/www.irma-grenoble.com\/04risques_isere\/03memoire_index.php\" target=\"_blank\">En Rh\u00f4ne-Alpes<\/a>, l&rsquo;IRMa recense les \u00e9v\u00e9nements marquants survenus dans la r\u00e9gion, \u00e0 partir de l&rsquo;actualit\u00e9 de la presse ou du web. (Nous consulter pour plus de pr\u00e9cisions).<\/p>\n<p>&nbsp;<\/p>\n<p>&nbsp;<\/p>\n<p>&nbsp;<\/p>\n<p>&nbsp;<\/p>\n<p><a href=\"http:\/\/sismalp.obs.ujf-grenoble.fr\/sismalp.html\" target=\"_blank\"><img loading=\"lazy\" class=\"alignleft size-full wp-image-775\" title=\"sismalp\" alt=\"\" src=\"http:\/\/www.pedagorisk.net\/enseignants\/wp-content\/uploads\/2012\/11\/sismalp.jpg\" width=\"150\" height=\"102\" \/><\/a><a href=\"http:\/\/sismalp.obs.ujf-grenoble.fr\/sismalp.html\" target=\"_blank\">Sismalp<\/a>, le r\u00e9seau sismologique des Alpes, recense les derniers sismogrammes enregistr\u00e9s par le r\u00e9seau d&rsquo;alerte de l&rsquo;Institut des Sciences de la Terre (ISTerre) de Grenoble, et donne acc\u00e8s \u00e0 des informations sur la sismicit\u00e9 du Sud-Est, \u00e0 des bibliographies et des documents p\u00e9dagogiques sur les s\u00e9ismes.<\/p>\n<p>&nbsp;<\/p>\n<p>&nbsp;<\/p>\n<p>&nbsp;<\/p>\n<p>&nbsp;<\/p>\n<p><a href=\"http:\/\/www.gscf.fr\/\" target=\"_blank\"><img loading=\"lazy\" class=\"alignleft size-full wp-image-468\" title=\"gscf\" alt=\"\" src=\"http:\/\/www.pedagorisk.net\/enseignants\/wp-content\/uploads\/2012\/11\/gscf.jpg\" width=\"150\" height=\"100\" \/><\/a><a href=\"http:\/\/www.gscf.fr\/\" target=\"_blank\">Le GSCF<\/a> (Groupe de Secours Catastrophe Fran\u00e7ais)\u00a0 est une \u00ab\u00a0Organisation de Solidarit\u00e9 Internationale\u00a0\u00bb (OSI ) fond\u00e9e en 1999 par un sapeur-pompier professionnel. Le GSCF a une mission internationale de secours et d&rsquo;assistance humanitaire aupr\u00e8s de populations victimes de catastrophes. Il diffuse largement des informations concernant les catastrophes naturelles survenant dans le monde.<\/p>\n<p>&nbsp;<\/p>\n<p>&nbsp;<\/p>\n<p>&nbsp;<\/p>\n<p><a href=\"http:\/\/memoiredescatastrophes.org\/blogArticle\/blog\" target=\"_blank\"><img loading=\"lazy\" class=\"alignleft size-full wp-image-470\" title=\"ihmec\" alt=\"\" src=\"http:\/\/www.pedagorisk.net\/enseignants\/wp-content\/uploads\/2012\/11\/ihmec.jpg\" width=\"150\" height=\"100\" \/><\/a><a href=\"http:\/\/memoiredescatastrophes.org\/blogArticle\/blog\" target=\"_blank\">M\u00e9moire des catastrophes<\/a> : L\u2019institut pour l&rsquo;histoire et la m\u00e9moire des catastrophes (IHM\u00e9C), avec le soutien du Minist\u00e8re du D\u00e9veloppement durable, propose ce site qui a pour vocation de constituer une banque de t\u00e9moignages dans une d\u00e9marche d&rsquo;\u00e9ducation et d&rsquo;enrichissement culturel et citoyen. Des archives de l&rsquo;INA et des t\u00e9moignages viennent illustrer ce r\u00e9pertoire des catastrophes.<\/p>\n","protected":false},"excerpt":{"rendered":"<p>\u00a0Conna\u00eetre les risques Le m\u00e9mento du maire et des \u00e9lus locaux est constitu\u00e9 de fiches qui d\u00e9crivent la nature de chaque risque, les risques qu&rsquo;il peut engendrer et la r\u00e9glementation qui s&rsquo;y rapporte. &nbsp; &nbsp; Prim.net le portail de la pr\u00e9vention des risques majeurs du Minist\u00e8re du D\u00e9veloppement durable, propose \u2026 <a href=\"http:\/\/www.pedagorisk.net\/enseignants\/primaire\/outils-pedagogiques\/\"> Continue reading <span class=\"meta-nav\">&rarr; <\/span><\/a><\/p>\n","protected":false},"author":1,"featured_media":0,"parent":46,"menu_order":1,"comment_status":"closed","ping_status":"closed","template":"","meta":[],"_links":{"self":[{"href":"http:\/\/www.pedagorisk.net\/enseignants\/wp-json\/wp\/v2\/pages\/234"}],"collection":[{"href":"http:\/\/www.pedagorisk.net\/enseignants\/wp-json\/wp\/v2\/pages"}],"about":[{"href":"http:\/\/www.pedagorisk.net\/enseignants\/wp-json\/wp\/v2\/types\/page"}],"author":[{"embeddable":true,"href":"http:\/\/www.pedagorisk.net\/enseignants\/wp-json\/wp\/v2\/users\/1"}],"replies":[{"embeddable":true,"href":"http:\/\/www.pedagorisk.net\/enseignants\/wp-json\/wp\/v2\/comments?post=234"}],"version-history":[{"count":65,"href":"http:\/\/www.pedagorisk.net\/enseignants\/wp-json\/wp\/v2\/pages\/234\/revisions"}],"predecessor-version":[{"id":421,"href":"http:\/\/www.pedagorisk.net\/enseignants\/wp-json\/wp\/v2\/pages\/234\/revisions\/421"}],"up":[{"embeddable":true,"href":"http:\/\/www.pedagorisk.net\/enseignants\/wp-json\/wp\/v2\/pages\/46"}],"wp:attachment":[{"href":"http:\/\/www.pedagorisk.net\/enseignants\/wp-json\/wp\/v2\/media?parent=234"}],"curies":[{"name":"wp","href":"https:\/\/api.w.org\/{rel}","templated":true}]}}