{"id":8,"date":"2013-01-21T16:57:48","date_gmt":"2013-01-21T15:57:48","guid":{"rendered":"http:\/\/www.pedagorisk.net\/eleves\/?page_id=8"},"modified":"2013-10-10T14:53:52","modified_gmt":"2013-10-10T13:53:52","slug":"primaire","status":"publish","type":"page","link":"http:\/\/www.pedagorisk.net\/eleves\/primaire\/","title":{"rendered":"Primaire"},"content":{"rendered":"<p>&nbsp;<\/p>\n<p><span style=\"text-decoration: underline;\"><strong>Conna\u00eetre les risques en s&rsquo;amusant&#8230;<\/strong><\/span><\/p>\n<p><a href=\"http:\/\/www.risquesmajeurs.fr\/infographies-sur-les-risques-majeurs \" target=\"_blank\"><img loading=\"lazy\" class=\"alignleft size-full wp-image-54\" title=\"risques_majeurs_prim\" src=\"http:\/\/www.pedagorisk.net\/eleves\/wp-content\/uploads\/2013\/01\/risques_majeurs_prim3.jpg\" alt=\"\" width=\"150\" height=\"102\" \/><\/a>Le portail de la pr\u00e9vention des risques majeurs, Prim.net propose des dossiers complets pour chaque risque. Il s&rsquo;agit ici d&rsquo;une<a href=\"http:\/\/www.risquesmajeurs.fr\/infographies-sur-les-risques-majeurs\" target=\"_blank\"> animation ludique<\/a> qui pr\u00e9sente les diff\u00e9rents\u00a0 risques majeurs naturels et technologiques, leurs cons\u00e9quences et les moyens de pr\u00e9vention et de protection.<\/p>\n<p>&nbsp;<\/p>\n<p>&nbsp;<\/p>\n<p><a href=\"http:\/\/iffo-rme.fr\/content\/gafforisk\" target=\"_blank\"><img loading=\"lazy\" class=\"alignleft size-full wp-image-55\" title=\"ifforme_gafforisk\" src=\"http:\/\/www.pedagorisk.net\/eleves\/wp-content\/uploads\/2013\/01\/ifforme_gafforisk1.jpg\" alt=\"\" width=\"150\" height=\"100\" \/><\/a>L&rsquo;IFFO-RME propose des supports p\u00e9dagogiques sous des formes vari\u00e9es (expositions, livrets, fiches,,,) dont les <a href=\"http:\/\/iffo-rme.fr\/content\/gafforisk\" target=\"_blank\">\u00ab\u00a0Gafforisk\u00a0\u00bb<\/a> plaquettes ludiques de type \u00ab\u00a0Les incollables\u00a0\u00bb permettant de se familiariser sous forme de questions-r\u00e9ponses aux risques.<\/p>\n<p>&nbsp;<\/p>\n<p>&nbsp;<\/p>\n<p>&nbsp;<\/p>\n<p><a href=\"http:\/\/www.visiorisk.com\/sauvie1.htm\" target=\"_blank\"><img loading=\"lazy\" class=\"alignleft size-full wp-image-57\" title=\"sauvie_visio\" src=\"http:\/\/www.pedagorisk.net\/eleves\/wp-content\/uploads\/2013\/01\/sauvie_visio.jpg\" alt=\"\" width=\"150\" height=\"101\" \/><\/a>\u00ab\u00a0<a href=\"http:\/\/www.visiorisk.com\/sauvie1.htm\" target=\"_blank\">Sauvie et les catastrophes naturelles<\/a>\u00a0\u00bb est un jeu consacr\u00e9 \u00e0 la pr\u00e9vention des risques naturels qui a pour but de vulgariser la notion de risques naturels (temp\u00eates, s\u00e9ismes,incendies, inondations, avalanches), d\u2019enseigner les parades aux catastrophes naturelles et de d\u00e9velopper l\u2019esprit de citoyennet\u00e9 et de solidarit\u00e9. Niveau = CE 2 \u00e0 5\u00e8me.<\/p>\n<p>&nbsp;<\/p>\n<p>&nbsp;<\/p>\n<p><a href=\"http:\/\/www.lesbonsreflexes.com\/ressources-grand-public.html\" target=\"_blank\"><img loading=\"lazy\" class=\"alignleft size-full wp-image-345\" title=\"Les_bons_reflexes\" src=\"http:\/\/www.pedagorisk.net\/eleves\/wp-content\/uploads\/2013\/01\/Les_bons_reflexes.jpg\" alt=\"\" width=\"150\" height=\"105\" \/><\/a><a href=\"http:\/\/www.lesbonsreflexes.com\/ressources-grand-public.html\" target=\"_blank\">Arlette, la tortue d&rsquo;alerte <\/a>: Un dessin anim\u00e9 destin\u00e9 aux petits (maternelle et primaire), apprend les premiers gestes de mise \u00e0 l\u2019abri.<\/p>\n<p>&nbsp;<\/p>\n<p>&nbsp;<\/p>\n<p>&nbsp;<\/p>\n<p><span style=\"text-decoration: underline;\"><strong>Conna\u00eetre les risques<\/strong><\/span><\/p>\n<p>&nbsp;<\/p>\n<p><a href=\"http:\/\/www.risquesmajeurs.fr\/\"><img loading=\"lazy\" class=\"alignleft size-full wp-image-86\" title=\"risques_majeurs_prim\" src=\"http:\/\/www.pedagorisk.net\/eleves\/wp-content\/uploads\/2013\/01\/risques_majeurs_prim7.jpg\" alt=\"\" width=\"150\" height=\"102\" \/><\/a><a href=\"http:\/\/www.risquesmajeurs.fr\/\" target=\"_blank\">Prim.net<\/a> le portail de la pr\u00e9vention des risques majeurs du Minist\u00e8re du D\u00e9veloppement durable, propose des dossiers complets pour chaque risque (naturel et technologique), avec les actions de pr\u00e9vention et de protection.<\/p>\n<p>&nbsp;<\/p>\n<p>&nbsp;<\/p>\n<p>&nbsp;<\/p>\n<p><a href=\"http:\/\/risques.gouv.fr\/\"><img loading=\"lazy\" class=\"alignleft size-full wp-image-83\" title=\"risques_majeurs_techno\" src=\"http:\/\/www.pedagorisk.net\/eleves\/wp-content\/uploads\/2013\/01\/risques_majeurs_techno.jpg\" alt=\"\" width=\"150\" height=\"101\" \/><\/a>Conna\u00eetre les diff\u00e9rents risques naturels et technologiques, comment se prot\u00e9ger avant, pendant, apr\u00e8s ? <a href=\"http:\/\/risques.gouv.fr\/\" target=\"_blank\">Le site interminist\u00e9riel de pr\u00e9vention des risques majeurs <\/a>permet de s\u2019informer, de se pr\u00e9parer et d\u2019agir en cas de risques majeurs.<\/p>\n<p>&nbsp;<\/p>\n<p>&nbsp;<\/p>\n<p>&nbsp;<\/p>\n<p><a href=\"http:\/\/www.risquesnaturels.re\/\" target=\"_blank\"><img loading=\"lazy\" class=\"alignleft size-full wp-image-84\" title=\"risquesnaturels_reunion\" src=\"http:\/\/www.pedagorisk.net\/eleves\/wp-content\/uploads\/2013\/01\/risquesnaturels_reunion.jpg\" alt=\"\" width=\"150\" height=\"100\" \/><\/a><a href=\"http:\/\/www.risquesnaturels.re\/\" target=\"_blank\">Les risques naturels \u00e0 La R\u00e9union<\/a> est un site d\u00e9velopp\u00e9 par les services de l\u2019Etat, riche d\u2019information, cr\u00e9\u00e9 pour permettre \u00e0 la population de l\u2019\u00cele d\u2019\u00eatre davantage sensibilis\u00e9e sur les risques naturels qui les concernent. Une section ludique est r\u00e9serv\u00e9e aux enfants.<\/p>\n<p>&nbsp;<\/p>\n<p>&nbsp;<\/p>\n<p><a href=\"http:\/\/macommune.prim.net\/\" target=\"_blank\"><img loading=\"lazy\" class=\"alignleft size-full wp-image-88\" title=\"risques_majeurs_prim\" src=\"http:\/\/www.pedagorisk.net\/eleves\/wp-content\/uploads\/2013\/01\/risques_majeurs_prim8.jpg\" alt=\"\" width=\"150\" height=\"102\" \/><\/a>Pour savoir si <a href=\"http:\/\/macommune.prim.net\/\" target=\"_blank\">ma commune ou mon \u00e9cole est-elle expos\u00e9e au(x) risque(s)<\/a>, il suffit de r\u00e9aliser une recherche sur le portail de la pr\u00e9vention des risques majeurs Prim.net \u00e9dit\u00e9 par le Minist\u00e8re du D\u00e9veloppement durable. * Voir aussi l&rsquo;onglet ci-contre \u00ab\u00a0Ma commune face aux risques\u00a0\u00bb.<\/p>\n<p>&nbsp;<\/p>\n<p>&nbsp;<\/p>\n<p><a href=\"http:\/\/www.irma-grenoble.com\/04risques_rhone_alpes\/index.php\"><img loading=\"lazy\" class=\"alignleft size-full wp-image-95\" title=\"irma_atlas\" src=\"http:\/\/www.pedagorisk.net\/eleves\/wp-content\/uploads\/2013\/01\/irma_atlas.jpg\" alt=\"\" width=\"150\" height=\"101\" \/><\/a><a href=\"http:\/\/www.irma-grenoble.com\/04risques_rhone_alpes\/index.php\" target=\"_blank\">Et en Rh\u00f4ne-Alpes ?<\/a> Des cartes permettent d&rsquo;identifier les risques au niveau communal, d\u00e9partemental ou r\u00e9gional. Une \u00ab\u00a0m\u00e9moire des risques\u00a0\u00bb donne acc\u00e8s aux divers \u00e9v\u00e9nements qui ont pu affecter les communes rh\u00f4nalpines.<\/p>\n<p>&nbsp;<\/p>\n<p>&nbsp;<\/p>\n<p>&nbsp;<\/p>\n<p><span style=\"text-decoration: underline;\"><strong>Les s\u00e9ismes<\/strong><\/span><\/p>\n<p><a href=\"http:\/\/www.fondation-lamap.org\/fr\/risques\" target=\"_blank\"><img loading=\"lazy\" class=\"alignleft size-full wp-image-70\" title=\"quand_terre_gronde\" src=\"http:\/\/www.pedagorisk.net\/eleves\/wp-content\/uploads\/2013\/01\/quand_terre_gronde.jpg\" alt=\"\" width=\"147\" height=\"98\" \/><\/a>\u00ab\u00a0<a href=\"http:\/\/www.fondation-lamap.org\/fr\/risques\" target=\"_blank\">Quand la Terre gronde<\/a>\u00a0\u00bb est un projet d&rsquo;\u00e9ducation aux risques naturels pour l&rsquo;\u00e9cole primaire. Il conjugue approche locale et globale et traite de trois risques naturels en particulier (volcans, s\u00e9ismes et tsunamis), et d\u2019un quatri\u00e8me risque plus directement li\u00e9 au contexte local (diff\u00e9rent pour chaque \u00e9cole : inondation, feu de for\u00eat, temp\u00eate, avalanche, etc.). Un espace \u00ab\u00a0\u00e9l\u00e8ves\u00a0\u00bb propose des animations multimedia.\u00a0 Voir \u00e9galement le jeu \u00ab\u00a0<a href=\"http:\/\/www.cite-sciences.fr\/francais\/ala_cite\/evenements\/quand-la-terre-gronde\/seismes-volcans-tsunamis-catastrophes-naturelles\/index.html\" target=\"_blank\">Quand la terre gronde : vivre avec le risque<\/a>\u00a0\u00bb : ce jeu humoristique et multim\u00e9dia s\u2019adresse aux 8-11 ans, et permet de partir \u00e0 la d\u00e9couverte scientifique des ph\u00e9nom\u00e8nes g\u00e9ologiques entra\u00eenant les catastrophes li\u00e9es aux mouvements internes du globe.<\/p>\n<p>&nbsp;<\/p>\n<p>&nbsp;<\/p>\n<p><span style=\"text-decoration: underline;\"><strong>L&rsquo;accident de la centrale nucl\u00e9aire de Fukushima<\/strong><\/span><\/p>\n<p><a href=\"http:\/\/1jour1actu.com\/dossierclesactu\/fukushima-accident\/\" target=\"_blank\"><img loading=\"lazy\" class=\"alignleft size-full wp-image-242\" title=\"1jour1actu_fukushima\" src=\"http:\/\/www.pedagorisk.net\/eleves\/wp-content\/uploads\/2013\/01\/1jour1actu_fukushima.jpg\" alt=\"\" width=\"150\" height=\"101\" \/><\/a>Les \u00e9ditions Milan d\u00e9cryptent l&rsquo;actualit\u00e9 \u00e0 travers le site \u00ab\u00a0<a href=\"http:\/\/1jour1actu.com\/\" target=\"_blank\">1 jour 1 actu<\/a>\u00a0\u00bb et proposent des dossiers permettant de r\u00e9aliser des expos\u00e9s : <a href=\"http:\/\/1jour1actu.com\/dossierclesactu\/fukushima-accident\/\" target=\"_blank\">Le Japon et Fukushima deux ans apr\u00e8s<\/a>. Des ressources sont indiqu\u00e9es pour les enseignants et pour les \u00e9l\u00e8ves.<\/p>\n<p>&nbsp;<\/p>\n<p>&nbsp;<\/p>\n<p><strong><span style=\"text-decoration: underline;\">Les consignes de s\u00e9curit\u00e9 : que faire avant, pendant, apr\u00e8s ? Voir ci-contre la rubrique \u00ab\u00a0Consignes de s\u00e9curit\u00e9\u00a0\u00bb.<\/span><\/strong><\/p>\n<p>&nbsp;<\/p>\n<p><strong><span style=\"text-decoration: underline;\">L&rsquo;\u00e9nergie et le d\u00e9veloppement durable<\/span><br \/>\n<\/strong><\/p>\n<p><a href=\"http:\/\/jeunes.edf.com\/FAQ\/Qui-est-en-charge-du-transport-de-l-electricite--,15,30#\" target=\"_blank\"><img loading=\"lazy\" class=\"alignleft size-full wp-image-72\" title=\"edf_surveillance_envir\" src=\"http:\/\/www.pedagorisk.net\/eleves\/wp-content\/uploads\/2013\/01\/edf_surveillance_envir.jpg\" alt=\"\" width=\"150\" height=\"99\" \/><\/a>Comprendre <a href=\"http:\/\/jeunes.edf.com\/FAQ\/Qui-est-en-charge-du-transport-de-l-electricite--,15,30#\" target=\"_blank\">l&rsquo;\u00e9nergie et le d\u00e9veloppement durable<\/a> en s&rsquo;amusant (site d\u00e9velopp\u00e9 par EDF).<\/p>\n<p>&nbsp;<\/p>\n<p>&nbsp;<\/p>\n<p>&nbsp;<\/p>\n","protected":false},"excerpt":{"rendered":"<p>&nbsp; Conna\u00eetre les risques en s&rsquo;amusant&#8230; Le portail de la pr\u00e9vention des risques majeurs, Prim.net propose des dossiers complets pour chaque risque. Il s&rsquo;agit ici d&rsquo;une animation ludique qui pr\u00e9sente les diff\u00e9rents\u00a0 risques majeurs naturels et technologiques, leurs cons\u00e9quences et les moyens de pr\u00e9vention et de protection. &nbsp; &nbsp; L&rsquo;IFFO-RME \u2026 <a href=\"http:\/\/www.pedagorisk.net\/eleves\/primaire\/\"> Continue reading <span class=\"meta-nav\">&rarr; <\/span><\/a><\/p>\n","protected":false},"author":1,"featured_media":0,"parent":0,"menu_order":1,"comment_status":"closed","ping_status":"closed","template":"","meta":[],"_links":{"self":[{"href":"http:\/\/www.pedagorisk.net\/eleves\/wp-json\/wp\/v2\/pages\/8"}],"collection":[{"href":"http:\/\/www.pedagorisk.net\/eleves\/wp-json\/wp\/v2\/pages"}],"about":[{"href":"http:\/\/www.pedagorisk.net\/eleves\/wp-json\/wp\/v2\/types\/page"}],"author":[{"embeddable":true,"href":"http:\/\/www.pedagorisk.net\/eleves\/wp-json\/wp\/v2\/users\/1"}],"replies":[{"embeddable":true,"href":"http:\/\/www.pedagorisk.net\/eleves\/wp-json\/wp\/v2\/comments?post=8"}],"version-history":[{"count":36,"href":"http:\/\/www.pedagorisk.net\/eleves\/wp-json\/wp\/v2\/pages\/8\/revisions"}],"predecessor-version":[{"id":355,"href":"http:\/\/www.pedagorisk.net\/eleves\/wp-json\/wp\/v2\/pages\/8\/revisions\/355"}],"wp:attachment":[{"href":"http:\/\/www.pedagorisk.net\/eleves\/wp-json\/wp\/v2\/media?parent=8"}],"curies":[{"name":"wp","href":"https:\/\/api.w.org\/{rel}","templated":true}]}}